{"id":2137,"date":"2024-08-02T12:34:33","date_gmt":"2024-08-02T10:34:33","guid":{"rendered":"https:\/\/trailmenorca.es\/faqs\/"},"modified":"2026-03-19T12:29:47","modified_gmt":"2026-03-19T11:29:47","slug":"faqs","status":"publish","type":"page","link":"https:\/\/www.trailmenorca.es\/ca\/faqs\/","title":{"rendered":"Preguntes freq\u00fcents"},"content":{"rendered":"<div class=\"wpb-content-wrapper\"><p>[vc_row][vc_column]<div id=\"ultimate-heading-855869f5cc2fe1598\" class=\"uvc-heading ult-adjust-bottom-margin ultimate-heading-855869f5cc2fe1598 uvc-1183 \" data-hspacer=\"no_spacer\"  data-halign=\"center\" style=\"text-align:center\"><div class=\"uvc-heading-spacer no_spacer\" style=\"top\"><\/div><div class=\"uvc-main-heading ult-responsive\"  data-ultimate-target='.uvc-heading.ultimate-heading-855869f5cc2fe1598 h1'  data-responsive-json-new='{\"font-size\":\"desktop:64px;mobile_landscape:40px;mobile:40px;\",\"line-height\":\"desktop:68px;mobile_landscape:44px;mobile:44px;\"}' ><h1 style=\"font-style:italic;font-weight:bold;color:#003b4d;margin-top:30px;margin-bottom:30px;\">PREGUNTAS FRECUENTES<\/h1><\/div><\/div>[\/vc_column][\/vc_row][vc_row el_class=&#8221;max-width-1250&#8243;][vc_column][vc_tta_accordion title_tag=&#8221;p&#8221; section_title_tag=&#8221;h2&#8243; shape=&#8221;square&#8221; color=&#8221;white&#8221; c_position=&#8221;right&#8221; active_section=&#8221;100&#8243; collapsible_all=&#8221;true&#8221; el_class=&#8221;faqs-primary&#8221;][vc_tta_section title=&#8221;Com es cronometra la cursa a la cursa RELAY (equips)?&#8221; tab_id=&#8221;1723033615966-8e010c43-feca&#8221;][vc_column_text css=&#8221;&#8221;]<\/p>\n<p data-start=\"110\" data-end=\"291\">Cada participant rebr\u00e0 un xip blanc (o <em data-start=\"149\" data-end=\"158\">bib tag<\/em> al dorsal).<br data-start=\"170\" data-end=\"173\" \/>Cada equip rebr\u00e0 una cinta de velcro amb un sistema de cronometratge integrat, que s\u2019anir\u00e0 passant durant cada relleu.<\/p>\n<p data-start=\"293\" data-end=\"631\" data-is-last-node=\"\" data-is-only-node=\"\">EXEMPLE: El corredor B arriba a l\u2019avituallament de Cala Morell, passa per la catifa de cronometratge amb el seu xip i la cinta de velcro (personal i d\u2019equip).<br data-start=\"455\" data-end=\"458\" \/>Llavors entrega la cinta de velcro de l\u2019equip al corredor C, i aquest torna a passar per la catifa de cronometratge amb el seu xip i la cinta de velcro (personal i d\u2019equip).<\/p>\n<p>[\/vc_column_text][\/vc_tta_section][vc_tta_section title=&#8221;Puc canviar la dist\u00e0ncia de la meva entrada i hi ha un c\u00e0rrec?&#8221; tab_id=&#8221;1723033615978-08d7731f-4d7c&#8221;][vc_column_text css=&#8221;&#8221;]<span style=\"font-weight: 400;\">Es podran sol\u00b7licitar canvis de dist\u00e0ncia per a qualsevol prova fins al dia 15 d\u2019abril de 2026, amb un cost de gesti\u00f3 de 10 \u20ac, enviant un correu a\u00a0<a href=\"mailto:info@trailmenorca.com\">info@trailmenorca.es<\/a>.<\/span><\/p>\n<ul>\n<li>\n<p data-start=\"337\" data-end=\"487\">En cas que el participant vulgui canviar a una dist\u00e0ncia superior, haur\u00e0 d\u2019abonar, a m\u00e9s del cost de gesti\u00f3, la difer\u00e8ncia de preu entre dist\u00e0ncies.<\/p>\n<\/li>\n<li>\n<p data-start=\"337\" data-end=\"487\">Si el canvi \u00e9s a una dist\u00e0ncia inferior, caldr\u00e0 igualment abonar el cost de gesti\u00f3, i nom\u00e9s es retornar\u00e0 la difer\u00e8ncia d\u2019imports si la sol\u00b7licitud s\u2019ha fet abans de l\u20191 d\u2019abril de 2026.<\/p>\n<\/li>\n<\/ul>\n<p>[\/vc_column_text][\/vc_tta_section][vc_tta_section title=&#8221;Si estic lesionat o no puc assistir, puc cancel\u00b7lar la meva inscripci\u00f3?&#8221; tab_id=&#8221;1723033648242-c3f1f3e8-99e4&#8243;][vc_column_text css=&#8221;&#8221;]<span style=\"font-weight: 400;\">Nom\u00e9s s\u2019acceptaran cancel\u00b7lacions de la prova als participants inscrits que ho comuniquin abans de l\u20191 d\u2019abril de 2026 al correu electr\u00f2nic <a href=\"mailto:info@trailmenorca.es\">info@trailmenorca.es<\/a>. Es retornar\u00e0 el 75% de l\u2019import abonat per la inscripci\u00f3. A partir d\u2019aquesta data, no es faran devolucions econ\u00f2miques.<\/span>[\/vc_column_text][\/vc_tta_section][vc_tta_section title=&#8221;Hi ha descomptes per als menorquins?&#8221; tab_id=&#8221;1723033649197-bc1871eb-d3a2&#8243;][vc_column_text css=&#8221;&#8221;]<\/p>\n<p data-pm-slice=\"0 0 []\">Tots els residents a Menorca tenen un descompte del 10% sobre el preu de la inscripci\u00f3. Per sol\u00b7licitar el bo, cal enviar un correu a <a href=\"mailto:info@trailmenorca.es\">info@trailmenorca.es<\/a> adjuntant el teu certificat de resident, i et facilitarem el codi de descompte.<\/p>\n<p>[\/vc_column_text][\/vc_tta_section][vc_tta_section title=&#8221;Hi ha preus especials en transport i allotjament per als participants inscrits?&#8221; tab_id=&#8221;1723033649767-e09ca65c-755d&#8221;][vc_column_text css=&#8221;&#8221;]Consulta l\u2019apartat PLANIFICA\u2019T del nostre web i podr\u00e0s descobrir tots els descomptes disponibles per ser participant de la Trail Menorca CdC.[\/vc_column_text][\/vc_tta_section][vc_tta_section title=&#8221;On i quan puc agafar l&#8217;autob\u00fas per portar-me a la sortida de la meva dist\u00e0ncia?&#8221; tab_id=&#8221;1723033677104-df62470e-aa56&#8243;][vc_column_text css=&#8221;&#8221;]Consulta l\u2019apartat de la dist\u00e0ncia que has triat i podr\u00e0s veure tots els horaris i ubicacions.[\/vc_column_text][\/vc_tta_section][vc_tta_section title=&#8221;Com funciona el sistema de la bossa de vida per a les dist\u00e0ncies de 185 km, 100 km i 85 km?&#8221; tab_id=&#8221;1723033684589-547401d0-482d&#8221;][vc_column_text css=&#8221;&#8221;]<\/p>\n<p data-start=\"128\" data-end=\"317\">Els corredors de la Trail Menorca Cam\u00ed de Cavalls de 185KM podran lliurar a la sortida 3 \u2018bosses de vida\u2019 (proporcionades per l\u2019organitzaci\u00f3) que es trobaran en tres punts clau de l\u2019illa:<\/p>\n<ul data-start=\"318\" data-end=\"468\">\n<li data-start=\"318\" data-end=\"373\">\n<p data-start=\"320\" data-end=\"373\">Avituallament de Platges de Fornells (km 50 aprox.)<\/p>\n<\/li>\n<li data-start=\"374\" data-end=\"420\">\n<p data-start=\"376\" data-end=\"420\">Avituallament d\u2019Es Castell (km 100 aprox.)<\/p>\n<\/li>\n<li data-start=\"421\" data-end=\"468\">\n<p data-start=\"423\" data-end=\"468\">Avituallament de Sant Tom\u00e0s (km 150 aprox.)<\/p>\n<\/li>\n<\/ul>\n<p data-start=\"470\" data-end=\"738\">Pel que fa als participants de la Trail Menorca Costa Nord \u2013 100 quil\u00f2metres, el punt d\u2019ajuda externa \u00e9s \u201cUrb. Platges de Fornells\u201d (kil\u00f2metre 50), mentre que per als de la Trail Menorca Costa Sud \u2013 85 quil\u00f2metres, el punt d\u2019ajuda externa \u00e9s Sant Tom\u00e0s (kil\u00f2metre 44).<\/p>\n<p data-start=\"740\" data-end=\"854\">En finalitzar la prova, les bosses es podran recollir a la zona de guardarropa dins la Finisher Experience Zone.<\/p>\n<p data-start=\"856\" data-end=\"1038\" data-is-last-node=\"\" data-is-only-node=\"\"><em>* En cas de p\u00e8rdua o robatori de la bossa d\u2019un corredor o corredora, l\u2019organitzaci\u00f3 nom\u00e9s es far\u00e0 c\u00e0rrec d\u2019un import m\u00e0xim de 200 \u20ac per compensar el valor del contingut de la bossa.<\/em><\/p>\n<p>[\/vc_column_text][\/vc_tta_section][vc_tta_section title=&#8221;On puc seguir un corredor durant la cursa?&#8221; tab_id=&#8221;1723033691916-2fd0e68e-23f0&#8243;][vc_column_text css=&#8221;&#8221;]La prova es podr\u00e0 seguir des de la nostra APP d\u2019Elitechip i des de la p\u00e0gina web oficial de l\u2019esdeveniment.[\/vc_column_text][\/vc_tta_section][vc_tta_section title=&#8221;Es permet l\u2019ajuda externa als avituallaments?&#8221; tab_id=&#8221;1723033841612-a1e26fd0-718a&#8221;][vc_column_text css=&#8221;&#8221;]<\/p>\n<p data-start=\"104\" data-end=\"373\">En les dist\u00e0ncies de TMCdC 185KM, TMCN 100KM i TMCS 85KM, els atletes podran rebre ajuda externa d\u2019una persona a tots els avituallaments oficials. Aquesta persona haur\u00e0 d\u2019anar identificada amb un dorsal \u201cSUPPORTER\u201d que se li lliurar\u00e0 juntament amb el dorsal de cursa.<\/p>\n<p data-start=\"375\" data-end=\"452\" data-is-last-node=\"\" data-is-only-node=\"\">En les dist\u00e0ncies de 58km, 44km, 27km i 11km NO est\u00e0 permesa l\u2019ajuda externa.<\/p>\n<p>[\/vc_column_text][\/vc_tta_section][vc_tta_section title=&#8221;Quins s\u00f3n els temps de tall per a la dist\u00e0ncia de 185 km en funci\u00f3 de la sortida escollida?&#8221; tab_id=&#8221;1723033693497-02f9c115-ae52&#8243;][vc_column_text css=&#8221;&#8221;]La prova comptar\u00e0 amb dues sortides.<\/p>\n<ul>\n<li>La primera ser\u00e0 a les 8:30 del mat\u00ed per a participants menys experimentats i de ritme m\u00e9s lent, que disposaran de 40 hores per completar el recorregut.<\/li>\n<li>La segona ser\u00e0 a les 15:30, amb un temps total de 33,5 hores.<\/li>\n<\/ul>\n<p>[\/vc_column_text][\/vc_tta_section][vc_tta_section title=&#8221;Quina \u00e9s l&#8217;asseguran\u00e7a federativa que em cobreix durant la cursa?&#8221; tab_id=&#8221;1723033694721-027da8b7-e5e8&#8243;][vc_column_text css=&#8221;&#8221;]<\/p>\n<p data-start=\"40\" data-end=\"446\">Trail Menorca CdC \u00e9s una prova autoritzada per la Federaci\u00f3 d\u2019Atletisme de les Illes Balears, per la qual cosa NOM\u00c9S s\u00f3n v\u00e0lides les LLIC\u00c8NCIES D\u2019ATLETISME de qualsevol federaci\u00f3 nacional o internacional.<br data-start=\"248\" data-end=\"251\" \/>Les llic\u00e8ncies de muntanya NO s\u00f3n v\u00e0lides per participar en aquest esdeveniment, per la qual cosa haur\u00e0s de contractar una asseguran\u00e7a d\u2019un dia, que podr\u00e0s afegir durant el proc\u00e9s d\u2019inscripci\u00f3.<\/p>\n<p data-start=\"448\" data-end=\"531\" data-is-last-node=\"\" data-is-only-node=\"\">Consulta <a href=\"https:\/\/www.caib.es\/pidip2front\/jsp\/es\/ficha-convocatoria\/9210610\">aqu\u00ed<\/a> el decret que regula les federacions esportives de les Illes Balears.<\/p>\n<p>[\/vc_column_text][\/vc_tta_section][vc_tta_section title=&#8221;Alg\u00fa m\u00e9s pot recollir el meu dorsal?&#8221; tab_id=&#8221;1723033695711-396649b3-c339&#8243;][vc_column_text css=&#8221;&#8221;]<\/p>\n<p data-start=\"91\" data-end=\"275\">En cas de no poder recollir el dorsal per motius justificats, hi ha dues formes de poder fer-ho:<br data-start=\"187\" data-end=\"190\" \/>1- Enviar una persona acreditada en representaci\u00f3. Aquesta persona haur\u00e0 de portar:<\/p>\n<ul data-start=\"276\" data-end=\"465\" data-is-last-node=\"\" data-is-only-node=\"\">\n<li data-start=\"276\" data-end=\"354\">\n<p data-start=\"278\" data-end=\"354\">Fotoc\u00f2pia digital o foto del DNI original del corredor titular del dorsal.<\/p>\n<\/li>\n<li data-start=\"355\" data-end=\"465\" data-is-last-node=\"\">\n<p data-start=\"357\" data-end=\"465\" data-is-last-node=\"\">Justificant d\u2019inscripci\u00f3 que nom\u00e9s pot descarregar l\u2019atleta titular del dorsal mitjan\u00e7ant l\u2019APP d\u2019Elitechip.<\/p>\n<\/li>\n<\/ul>\n<p>[\/vc_column_text][\/vc_tta_section][vc_tta_section title=&#8221;REGLAMENT&#8221; tab_id=&#8221;1726616127825-ee2ad45c-6330&#8243;][vc_column_text css=&#8221;&#8221;]Desde aqu\u00ed puedes ver el reglamento:[\/vc_column_text]<div class=\" ubtn-ctn-left \"><a class=\"ubtn-link ult-adjust-bottom-margin ubtn-left ubtn-custom \" href=\"http:\/\/ca\/reglamento\/\" title=\"Reglamento\" ><button type=\"button\" id=\"ubtn-6886\"  class=\"ubtn ult-adjust-bottom-margin ult-responsive ubtn-custom ubtn-no-hover-bg  none  ubtn-left   tooltip-69f5cc2fe1601\"  data-hover=\"\" data-border-color=\"\" data-bg=\"#003b4d\" data-hover-bg=\"#4c86a0\" data-border-hover=\"\" data-shadow-hover=\"\" data-shadow-click=\"none\" data-shadow=\"\" data-shd-shadow=\"\"  data-ultimate-target='#ubtn-6886'  data-responsive-json-new='{\"font-size\":\"desktop:24px;\",\"line-height\":\"\"}'  style=\"font-family:&#039;Barlow Condensed&#039;;font-style:italic;font-weight:normal;width:200px;min-height:48px;padding:px px;border-radius:29px;border-width:0px;border-color:;border-style:solid;background: #003b4d;color: #ffffff;\"><span class=\"ubtn-hover\" style=\"background-color:#4c86a0\"><\/span><span class=\"ubtn-data ubtn-text \" >REGLAMENT<\/span><\/button><\/a><\/div>[\/vc_tta_section][\/vc_tta_accordion][\/vc_column][\/vc_row]<\/p>\n<\/div>","protected":false},"excerpt":{"rendered":"<p>[vc_row][vc_column][\/vc_column][\/vc_row][vc_row el_class=&#8221;max-width-1250&#8243;][vc_column][vc_tta_accordion title_tag=&#8221;p&#8221; section_title_tag=&#8221;h2&#8243; shape=&#8221;square&#8221; color=&#8221;white&#8221; c_position=&#8221;right&#8221; active_section=&#8221;100&#8243; collapsible_all=&#8221;true&#8221; el_class=&#8221;faqs-primary&#8221;][vc_tta_section title=&#8221;Com es cronometra la cursa a la cursa RELAY (equips)?&#8221; tab_id=&#8221;1723033615966-8e010c43-feca&#8221;][vc_column_text css=&#8221;&#8221;] Cada participant rebr\u00e0 un xip blanc (o bib tag al dorsal).Cada equip rebr\u00e0 una cinta de velcro amb un sistema de cronometratge integrat, que s\u2019anir\u00e0 passant durant cada relleu. EXEMPLE: El corredor B&hellip;<\/p>\n","protected":false},"author":1,"featured_media":0,"parent":0,"menu_order":0,"comment_status":"closed","ping_status":"closed","template":"","meta":{"footnotes":""},"class_list":["post-2137","page","type-page","status-publish","hentry","description-off"],"_links":{"self":[{"href":"https:\/\/www.trailmenorca.es\/ca\/wp-json\/wp\/v2\/pages\/2137","targetHints":{"allow":["GET"]}}],"collection":[{"href":"https:\/\/www.trailmenorca.es\/ca\/wp-json\/wp\/v2\/pages"}],"about":[{"href":"https:\/\/www.trailmenorca.es\/ca\/wp-json\/wp\/v2\/types\/page"}],"author":[{"embeddable":true,"href":"https:\/\/www.trailmenorca.es\/ca\/wp-json\/wp\/v2\/users\/1"}],"replies":[{"embeddable":true,"href":"https:\/\/www.trailmenorca.es\/ca\/wp-json\/wp\/v2\/comments?post=2137"}],"version-history":[{"count":6,"href":"https:\/\/www.trailmenorca.es\/ca\/wp-json\/wp\/v2\/pages\/2137\/revisions"}],"predecessor-version":[{"id":6021,"href":"https:\/\/www.trailmenorca.es\/ca\/wp-json\/wp\/v2\/pages\/2137\/revisions\/6021"}],"wp:attachment":[{"href":"https:\/\/www.trailmenorca.es\/ca\/wp-json\/wp\/v2\/media?parent=2137"}],"curies":[{"name":"wp","href":"https:\/\/api.w.org\/{rel}","templated":true}]}}