{"id":4446,"date":"2024-08-02T12:34:33","date_gmt":"2024-08-02T10:34:33","guid":{"rendered":"https:\/\/trailmenorca.es\/faqs\/"},"modified":"2026-03-19T12:31:46","modified_gmt":"2026-03-19T11:31:46","slug":"faqs","status":"publish","type":"page","link":"https:\/\/www.trailmenorca.es\/fr\/faqs\/","title":{"rendered":"FAQs"},"content":{"rendered":"<div class=\"wpb-content-wrapper\"><p>[vc_row][vc_column]<div id=\"ultimate-heading-389769f35923ca9e0\" class=\"uvc-heading ult-adjust-bottom-margin ultimate-heading-389769f35923ca9e0 uvc-9929 \" data-hspacer=\"no_spacer\"  data-halign=\"center\" style=\"text-align:center\"><div class=\"uvc-heading-spacer no_spacer\" style=\"top\"><\/div><div class=\"uvc-main-heading ult-responsive\"  data-ultimate-target='.uvc-heading.ultimate-heading-389769f35923ca9e0 h1'  data-responsive-json-new='{\"font-size\":\"desktop:64px;mobile_landscape:40px;mobile:40px;\",\"line-height\":\"desktop:68px;mobile_landscape:44px;mobile:44px;\"}' ><h1 style=\"font-style:italic;font-weight:bold;color:#003b4d;margin-top:30px;margin-bottom:30px;\">QUESTIONS FR\u00c9QUENTES<\/h1><\/div><\/div>[\/vc_column][\/vc_row][vc_row el_class=&#8221;max-width-1250&#8243;][vc_column][vc_tta_accordion title_tag=&#8221;p&#8221; section_title_tag=&#8221;h2&#8243; shape=&#8221;square&#8221; color=&#8221;white&#8221; c_position=&#8221;right&#8221; active_section=&#8221;100&#8243; collapsible_all=&#8221;true&#8221; el_class=&#8221;faqs-primary&#8221;][vc_tta_section title=&#8221;Comment est chronom\u00e9tr\u00e9e la course en mode RELAY (par \u00e9quipes)?&#8221; tab_id=&#8221;1723033615966-8e010c43-feca&#8221;][vc_column_text css=&#8221;&#8221;]<\/p>\n<ol>\n<li style=\"font-weight: 400;\" aria-level=\"1\">\n<p data-start=\"44\" data-end=\"230\">Chaque participant recevra une puce blanche (ou bib tag sur le dossard).<\/p>\n<\/li>\n<li style=\"font-weight: 400;\" aria-level=\"1\">\n<p data-start=\"44\" data-end=\"230\">Chaque \u00e9quipe recevra une bande Velcro avec un syst\u00e8me de chronom\u00e9trage int\u00e9gr\u00e9 qui sera pass\u00e9 \u00e0 chaque relais.<\/p>\n<\/li>\n<li style=\"font-weight: 400;\" aria-level=\"1\">\n<p data-start=\"44\" data-end=\"230\">EXEMPLE : Le coureur B arrive au ravitaillement de Cala Morell, passe sur la tapis de chronom\u00e9trage avec sa puce et la bande Velcro (personnelle et \u00e9quipe). Il donne la bande Velcro de l\u2019\u00e9quipe au coureur C, qui repasse sur le tapis de chronom\u00e9trage avec sa puce et la bande Velcro (personnelle et \u00e9quipe).<\/p>\n<\/li>\n<\/ol>\n<p>[\/vc_column_text][\/vc_tta_section][vc_tta_section title=&#8221;Puis-je changer la distance de mon inscription? Cela entra\u00eene-t-il un co\u00fbt?&#8221; tab_id=&#8221;1723033615978-08d7731f-4d7c&#8221;][vc_column_text css=&#8221;&#8221;]<span style=\"font-weight: 400;\">Des changements de distance seront autoris\u00e9s pour toutes les \u00e9preuves jusqu&#8217;au 15 avril 2026 et entra\u00eeneront des frais de gestion de 10 \u20ac, \u00e0 condition d\u2019envoyer un email \u00e0 <a href=\"mailto:info@trailmenorca.com\">info@trailmenorca.es<\/a>.<\/span><\/p>\n<ul>\n<li style=\"font-weight: 400;\" aria-level=\"1\">\n<p data-start=\"44\" data-end=\"457\">Dans le cas o\u00f9 le participant souhaite participer \u00e0 une distance sup\u00e9rieure, en plus des frais de gestion du changement de distance, il devra r\u00e9gler la diff\u00e9rence de prix entre les distances.<\/p>\n<\/li>\n<li style=\"font-weight: 400;\" aria-level=\"1\">\n<p data-start=\"44\" data-end=\"457\">Dans le cas o\u00f9 le participant souhaite participer \u00e0 une distance inf\u00e9rieure, il devra payer les frais de gestion, et seule la diff\u00e9rence des montants sera rembours\u00e9e pour les demandes effectu\u00e9es avant le 1er avril 2026.<\/p>\n<\/li>\n<\/ul>\n<p>[\/vc_column_text][\/vc_tta_section][vc_tta_section title=&#8221;Si je me blesse ou si je ne peux pas assister, puis-je annuler mon inscription?&#8221; tab_id=&#8221;1723033648242-c3f1f3e8-99e4&#8243;][vc_column_text css=&#8221;&#8221;]<span style=\"font-weight: 400;\">Seules les annulations de participation seront accept\u00e9es pour les inscrits qui en feront la demande avant le 1er avril 2026 \u00e0 l\u2019adresse mail <\/span><a href=\"mailto:info@trailmenorca.es\"><span style=\"font-weight: 400;\">info@trailmenorca.es<\/span><\/a><span style=\"font-weight: 400;\">. <\/span>Le remboursement sera de 75 % du montant pay\u00e9 pour l&#8217;inscription. Pass\u00e9 ce d\u00e9lai, aucun remboursement ne sera possible.[\/vc_column_text][\/vc_tta_section][vc_tta_section title=&#8221;Y a-t-il des r\u00e9ductions disponibles pour les r\u00e9sidents de Minorque?&#8221; tab_id=&#8221;1723033649197-bc1871eb-d3a2&#8243;][vc_column_text css=&#8221;&#8221;]Tous les r\u00e9sidents de Minorque b\u00e9n\u00e9ficient d\u2019une r\u00e9duction de 10 % sur le prix de l\u2019inscription.<br data-start=\"140\" data-end=\"143\" \/>Pour demander le bon, vous devez envoyer un email \u00e0 <a class=\"decorated-link cursor-pointer\" rel=\"noopener\" data-start=\"195\" data-end=\"215\">info@trailmenorca.es<\/a> en joignant votre certificat de r\u00e9sidence, et nous vous enverrons le code de r\u00e9duction.[\/vc_column_text][\/vc_tta_section][vc_tta_section title=&#8221;Existe-t-il des tarifs sp\u00e9ciaux pour le transport et l\u2019h\u00e9bergement pour les inscrits?&#8221; tab_id=&#8221;1723033649767-e09ca65c-755d&#8221;][vc_column_text css=&#8221;&#8221;]Consultez la rubrique <strong data-start=\"66\" data-end=\"84\">PLANIFIEZ-VOUS<\/strong> de notre site web et vous d\u00e9couvrirez toutes les r\u00e9ductions disponibles pour les participants \u00e0 la Trail Menorca CdC.[\/vc_column_text][\/vc_tta_section][vc_tta_section title=&#8221;O\u00f9 et quand puis-je prendre le bus qui m\u2019emm\u00e8ne au d\u00e9part de ma distance?&#8221; tab_id=&#8221;1723033677104-df62470e-aa56&#8243;][vc_column_text css=&#8221;&#8221;]Consultez la rubrique de la distance que vous avez choisie et vous pourrez voir tous les horaires et emplacements.[\/vc_column_text][\/vc_tta_section][vc_tta_section title=&#8221;Comment fonctionne le syst\u00e8me de sacs de vie pour les distances de 185 km, 100 km et 85 km?&#8221; tab_id=&#8221;1723033684589-547401d0-482d&#8221;][vc_column_text css=&#8221;&#8221;]<\/p>\n<p data-start=\"44\" data-end=\"228\">Les coureurs de la Trail Menorca Cam\u00ed de Cavalls de 185 km pourront d\u00e9poser au d\u00e9part 3 \u00ab sacs de vie \u00bb (fournis par l\u2019organisation) qui seront plac\u00e9s dans trois points cl\u00e9s de l\u2019\u00eele :<\/p>\n<ul data-start=\"230\" data-end=\"381\">\n<li data-start=\"230\" data-end=\"286\">\n<p data-start=\"232\" data-end=\"286\">Ravitallement des Plages de Fornells (environ km 50)<\/p>\n<\/li>\n<li data-start=\"287\" data-end=\"334\">\n<p data-start=\"289\" data-end=\"334\">Ravitallement d\u2019Es Castell (environ km 100)<\/p>\n<\/li>\n<li data-start=\"335\" data-end=\"381\">\n<p data-start=\"337\" data-end=\"381\">Ravitallement de Sant Tom\u00e0s (environ km 150)<\/p>\n<\/li>\n<\/ul>\n<p data-start=\"383\" data-end=\"648\">Pour les participants \u00e0 la Trail Menorca Costa Nord \u2013 100 kilom\u00e8tres, le point d\u2019aide externe est \u00ab Urb. Platges de Fornells \u00bb (kilom\u00e8tre 50), tandis que pour ceux de la Trail Menorca Costa Sud \u2013 85 kilom\u00e8tres, le point d\u2019aide externe est Sant Tom\u00e0s (kilom\u00e8tre 44).<\/p>\n<p data-start=\"650\" data-end=\"762\">\u00c0 la fin de l\u2019\u00e9preuve, les sacs pourront \u00eatre r\u00e9cup\u00e9r\u00e9s dans la zone de consigne de la Finisher Experience Zone.<\/p>\n<p data-start=\"764\" data-end=\"922\"><em>*En cas de perte ou de vol du sac d\u2019un coureur, l\u2019organisation ne prendra en charge qu\u2019un montant maximum de 200 \u20ac pour compenser la valeur du contenu du sac.<\/em><\/p>\n<p>[\/vc_column_text][\/vc_tta_section][vc_tta_section title=&#8221;Depuis o\u00f9 puis-je suivre un coureur pendant la course?&#8221; tab_id=&#8221;1723033691916-2fd0e68e-23f0&#8243;][vc_column_text css=&#8221;&#8221;]La course pourra \u00eatre suivie depuis notre application Elitechip ainsi que sur le site officiel de l\u2019\u00e9v\u00e9nement.[\/vc_column_text][\/vc_tta_section][vc_tta_section title=&#8221;L\u2019assistance externe est-elle autoris\u00e9e aux points de ravitaillement?&#8221; tab_id=&#8221;1723033841612-a1e26fd0-718a&#8221;][vc_column_text css=&#8221;&#8221;]<\/p>\n<p data-start=\"44\" data-end=\"316\">Pour les distances TMCdC 185 km, TMCN 100 km et TMCS 85 km, les athl\u00e8tes pourront recevoir une aide ext\u00e9rieure d\u2019une personne \u00e0 tous les ravitaillements officiels. Cette personne devra \u00eatre identifi\u00e9e avec le dossard \u00ab SUPPORTER \u00bb qui sera remis avec le dossard de course.<\/p>\n<p data-start=\"318\" data-end=\"408\">Pour les distances de 58 km, 44 km, 27 km et 11 km, l\u2019aide ext\u00e9rieure n\u2019est PAS autoris\u00e9e.<\/p>\n<p>[\/vc_column_text][\/vc_tta_section][vc_tta_section title=&#8221;Quels sont les temps limites pour la distance de 185 km selon le d\u00e9part choisi?&#8221; tab_id=&#8221;1723033693497-02f9c115-ae52&#8243;][vc_column_text css=&#8221;&#8221;]<\/p>\n<p data-start=\"44\" data-end=\"75\">L\u2019\u00e9preuve comportera 2 d\u00e9parts.<\/p>\n<ul>\n<li data-start=\"77\" data-end=\"286\">Le premier sera \u00e0 8h30 pour les participants moins exp\u00e9riment\u00e9s et au rythme plus lent, qui disposeront de 40 heures pour parcourir le trajet.<\/li>\n<li data-start=\"77\" data-end=\"286\">Le second sera \u00e0 15h30, le temps total sera donc de 33,5 heures.<\/li>\n<\/ul>\n<p>[\/vc_column_text][\/vc_tta_section][vc_tta_section title=&#8221;Quelle est l\u2019assurance f\u00e9d\u00e9rative qui me couvre pendant la course?&#8221; tab_id=&#8221;1723033694721-027da8b7-e5e8&#8243;][vc_column_text css=&#8221;&#8221;]<\/p>\n<p data-start=\"44\" data-end=\"240\">Trail Menorca CdC est une \u00e9preuve autoris\u00e9e par la F\u00e9d\u00e9ration d\u2019Athl\u00e9tisme des \u00celes Bal\u00e9ares, donc SEULES les LICENCES D\u2019ATHL\u00c9TISME de toute f\u00e9d\u00e9ration nationale ou internationale sont valables.<\/p>\n<p data-start=\"242\" data-end=\"432\">Les licences de montagne ne sont PAS valables pour participer \u00e0 cet \u00e9v\u00e9nement, vous devrez donc souscrire une assurance d\u2019un jour, que vous pourrez ajouter lors du processus d\u2019inscription.<\/p>\n<p data-start=\"434\" data-end=\"512\">Consultez <a href=\"https:\/\/www.caib.es\/pidip2front\/jsp\/es\/ficha-convocatoria\/9210610\">ici<\/a>\u00a0le d\u00e9cret r\u00e9gissant les f\u00e9d\u00e9rations sportives des \u00celes Bal\u00e9ares.<\/p>\n<p>[\/vc_column_text][\/vc_tta_section][vc_tta_section title=&#8221;Une autre personne peut-elle r\u00e9cup\u00e9rer mon dossard?&#8221; tab_id=&#8221;1723033695711-396649b3-c339&#8243;][vc_column_text css=&#8221;&#8221;]<\/p>\n<p data-start=\"44\" data-end=\"155\">En cas d\u2019impossibilit\u00e9 de r\u00e9cup\u00e9rer le dossard pour des raisons justifi\u00e9es, il existe deux fa\u00e7ons de le faire:<\/p>\n<p data-start=\"157\" data-end=\"252\">1- Envoyer une personne habilit\u00e9e pour repr\u00e9senter le coureur. Cette personne devra pr\u00e9senter:<\/p>\n<ul data-start=\"254\" data-end=\"469\">\n<li data-start=\"254\" data-end=\"356\">\n<p data-start=\"256\" data-end=\"356\">Une copie num\u00e9rique ou une photo de la pi\u00e8ce d\u2019identit\u00e9 originale du coureur titulaire du dossard.<\/p>\n<\/li>\n<li data-start=\"357\" data-end=\"469\">\n<p data-start=\"359\" data-end=\"469\">La preuve d\u2019inscription, que seul l\u2019athl\u00e8te titulaire du dossard peut t\u00e9l\u00e9charger via l\u2019application Elitechip.<\/p>\n<\/li>\n<\/ul>\n<p>[\/vc_column_text][\/vc_tta_section][vc_tta_section title=&#8221;R\u00c8GLEMENT&#8221; tab_id=&#8221;1726616127825-ee2ad45c-6330&#8243;][vc_column_text css=&#8221;&#8221;]Desde aqu\u00ed puedes ver el reglamento:[\/vc_column_text]<div class=\" ubtn-ctn-left \"><a class=\"ubtn-link ult-adjust-bottom-margin ubtn-left ubtn-custom \" href=\"\/reglamento\/\" title=\"Reglamento\" ><button type=\"button\" id=\"ubtn-2364\"  class=\"ubtn ult-adjust-bottom-margin ult-responsive ubtn-custom ubtn-no-hover-bg  none  ubtn-left   tooltip-69f35923caa49\"  data-hover=\"\" data-border-color=\"\" data-bg=\"#003b4d\" data-hover-bg=\"#4c86a0\" data-border-hover=\"\" data-shadow-hover=\"\" data-shadow-click=\"none\" data-shadow=\"\" data-shd-shadow=\"\"  data-ultimate-target='#ubtn-2364'  data-responsive-json-new='{\"font-size\":\"desktop:24px;\",\"line-height\":\"\"}'  style=\"font-family:&#039;Barlow Condensed&#039;;font-style:italic;font-weight:normal;width:200px;min-height:48px;padding:px px;border-radius:29px;border-width:0px;border-color:;border-style:solid;background: #003b4d;color: #ffffff;\"><span class=\"ubtn-hover\" style=\"background-color:#4c86a0\"><\/span><span class=\"ubtn-data ubtn-text \" >R\u00c8GLEMENT<\/span><\/button><\/a><\/div>[\/vc_tta_section][\/vc_tta_accordion][\/vc_column][\/vc_row]<\/p>\n<\/div>","protected":false},"excerpt":{"rendered":"<p>[vc_row][vc_column][\/vc_column][\/vc_row][vc_row el_class=&#8221;max-width-1250&#8243;][vc_column][vc_tta_accordion title_tag=&#8221;p&#8221; section_title_tag=&#8221;h2&#8243; shape=&#8221;square&#8221; color=&#8221;white&#8221; c_position=&#8221;right&#8221; active_section=&#8221;100&#8243; collapsible_all=&#8221;true&#8221; el_class=&#8221;faqs-primary&#8221;][vc_tta_section title=&#8221;Comment est chronom\u00e9tr\u00e9e la course en mode RELAY (par \u00e9quipes)?&#8221; tab_id=&#8221;1723033615966-8e010c43-feca&#8221;][vc_column_text css=&#8221;&#8221;] Chaque participant recevra une puce blanche (ou bib tag sur le dossard). Chaque \u00e9quipe recevra une bande Velcro avec un syst\u00e8me de chronom\u00e9trage int\u00e9gr\u00e9 qui sera pass\u00e9 \u00e0 chaque relais. EXEMPLE : Le&hellip;<\/p>\n","protected":false},"author":1,"featured_media":0,"parent":0,"menu_order":0,"comment_status":"closed","ping_status":"closed","template":"","meta":{"footnotes":""},"class_list":["post-4446","page","type-page","status-publish","hentry","description-off"],"_links":{"self":[{"href":"https:\/\/www.trailmenorca.es\/fr\/wp-json\/wp\/v2\/pages\/4446","targetHints":{"allow":["GET"]}}],"collection":[{"href":"https:\/\/www.trailmenorca.es\/fr\/wp-json\/wp\/v2\/pages"}],"about":[{"href":"https:\/\/www.trailmenorca.es\/fr\/wp-json\/wp\/v2\/types\/page"}],"author":[{"embeddable":true,"href":"https:\/\/www.trailmenorca.es\/fr\/wp-json\/wp\/v2\/users\/1"}],"replies":[{"embeddable":true,"href":"https:\/\/www.trailmenorca.es\/fr\/wp-json\/wp\/v2\/comments?post=4446"}],"version-history":[{"count":5,"href":"https:\/\/www.trailmenorca.es\/fr\/wp-json\/wp\/v2\/pages\/4446\/revisions"}],"predecessor-version":[{"id":6023,"href":"https:\/\/www.trailmenorca.es\/fr\/wp-json\/wp\/v2\/pages\/4446\/revisions\/6023"}],"wp:attachment":[{"href":"https:\/\/www.trailmenorca.es\/fr\/wp-json\/wp\/v2\/media?parent=4446"}],"curies":[{"name":"wp","href":"https:\/\/api.w.org\/{rel}","templated":true}]}}