{"id":4507,"date":"2024-09-11T10:34:02","date_gmt":"2024-09-11T08:34:02","guid":{"rendered":"https:\/\/trailmenorca.es\/reglamento\/"},"modified":"2026-04-20T10:50:17","modified_gmt":"2026-04-20T08:50:17","slug":"reglamento","status":"publish","type":"page","link":"https:\/\/www.trailmenorca.es\/fr\/reglamento\/","title":{"rendered":"R\u00e8glement"},"content":{"rendered":"<div class=\"wpb-content-wrapper\"><p>[vc_row][vc_column]<div id=\"ultimate-heading-657769f3592463eb5\" class=\"uvc-heading ult-adjust-bottom-margin ultimate-heading-657769f3592463eb5 uvc-8668 \" data-hspacer=\"no_spacer\"  data-halign=\"center\" style=\"text-align:center\"><div class=\"uvc-heading-spacer no_spacer\" style=\"top\"><\/div><div class=\"uvc-main-heading ult-responsive\"  data-ultimate-target='.uvc-heading.ultimate-heading-657769f3592463eb5 h1'  data-responsive-json-new='{\"font-size\":\"desktop:64px;mobile_landscape:40px;mobile:40px;\",\"line-height\":\"desktop:68px;mobile_landscape:44px;mobile:44px;\"}' ><h1 style=\"font-style:italic;font-weight:bold;color:#003b4d;margin-top:30px;margin-bottom:30px;\">R\u00c8GLEMENT<\/h1><\/div><\/div>[\/vc_column][\/vc_row][vc_row el_class=&#8221;max-width-1250&#8243;][vc_column][vc_tta_accordion title_tag=&#8221;p&#8221; section_title_tag=&#8221;h2&#8243; shape=&#8221;square&#8221; color=&#8221;white&#8221; c_position=&#8221;right&#8221; active_section=&#8221;100&#8243; collapsible_all=&#8221;true&#8221; el_class=&#8221;faqs-primary&#8221;][vc_tta_section title=&#8221;Article 1. Organisation.&#8221; tab_id=&#8221;1723033615966-8e010c43-feca&#8221;][vc_column_text css=&#8221;&#8221;]<span style=\"font-weight: 400;\">La XIV Trail Menorca Cam\u00ed de Cavalls ConectaBalear est organis\u00e9e par le <\/span><b>Club Penya Esportiva Son Mar\u00e7al Menorca Atletisme<\/b><span style=\"font-weight: 400;\">, sous la direction technique de l\u2019entreprise <\/span><b>Elitechip SL<\/b><span style=\"font-weight: 400;\">, et avec l\u2019autorisation de la <\/span><b>F\u00e9d\u00e9ration d\u2019Athl\u00e9tisme des \u00celes Bal\u00e9ares<\/b><span style=\"font-weight: 400;\">, du <\/span><b>Conseil Insulaire de Minorque<\/b><span style=\"font-weight: 400;\"> et des <\/span><b>8 municipalit\u00e9s de l\u2019\u00eele<\/b><span style=\"font-weight: 400;\">.<\/span>[\/vc_column_text][\/vc_tta_section][vc_tta_section title=&#8221;Article 2. \u00c9preuve.&#8221; tab_id=&#8221;1723033615978-08d7731f-4d7c&#8221;][vc_column_text css=&#8221;&#8221;]<span style=\"font-weight: 400;\">La XIV Trail Menorca Cam\u00ed de Cavalls ConectaBalear est un \u00e9v\u00e9nement qui combine deux dimensions : <\/span><b>touristique et sportive<\/b><span style=\"font-weight: 400;\">.<\/span><\/p>\n<ul>\n<li style=\"font-weight: 400;\" aria-level=\"1\"><span style=\"font-weight: 400;\">D\u2019une part, il s\u2019agit d\u2019une <\/span><b>comp\u00e9tition non-stop<\/b><span style=\"font-weight: 400;\">.<\/span><\/li>\n<li style=\"font-weight: 400;\" aria-level=\"1\"><span style=\"font-weight: 400;\">D\u2019autre part, il poss\u00e8de une dimension <\/span><b>ludique<\/b><span style=\"font-weight: 400;\">, constituant un d\u00e9fi personnel ouvert \u00e0 toute personne souhaitant simplement participer et terminer l\u2019\u00e9preuve, en courant ou en marchant.<\/span><\/li>\n<\/ul>\n<p><span style=\"font-weight: 400;\">C\u2019est un \u00e9v\u00e9nement qui comporte <\/span><b>8 distances<\/b><span style=\"font-weight: 400;\">, en semi-autosuffisance, suivant le <\/span><b>sentier GR-223<\/b><span style=\"font-weight: 400;\">, et qui se d\u00e9roulera les <\/span><b>1er, 2 et 3 mai 2026<\/b><span style=\"font-weight: 400;\">.<\/span><\/p>\n<p><span style=\"font-weight: 400;\">Les 8 courses sont :<\/span><\/p>\n<ul>\n<li style=\"font-weight: 400;\" aria-level=\"1\"><b>Trail Menorca Cam\u00ed de Cavalls ConectaBalear CdC (TMCDC)<\/b><span style=\"font-weight: 400;\"> : 185 km<\/span><\/li>\n<li style=\"font-weight: 400;\" aria-level=\"1\"><b>Trail Menorca Costa Nord (TMCN)<\/b><span style=\"font-weight: 400;\"> : 100 km<\/span><\/li>\n<li style=\"font-weight: 400;\" aria-level=\"1\"><b>Trail Menorca Costa Sud (TMCS)<\/b><span style=\"font-weight: 400;\"> : 85 km<\/span><\/li>\n<li style=\"font-weight: 400;\" aria-level=\"1\"><b>Petit Trail Costa Nord (PTCN)<\/b><span style=\"font-weight: 400;\"> : 58 km<\/span><\/li>\n<li style=\"font-weight: 400;\" aria-level=\"1\"><b>Petit Trail Costa Sud (PTCS)<\/b><span style=\"font-weight: 400;\"> : 44 km<\/span><\/li>\n<li style=\"font-weight: 400;\" aria-level=\"1\"><b>Short Trail Costa Nord (STCN)<\/b><span style=\"font-weight: 400;\"> : 27 km<\/span><\/li>\n<li style=\"font-weight: 400;\" aria-level=\"1\"><b>Starter \u2013 Trail Menorca Cam\u00ed de Cavalls Starter (TMCdC STARTER)<\/b><span style=\"font-weight: 400;\"> : 11 km<\/span><\/li>\n<\/ul>\n<p>&nbsp;<\/p>\n<p><b>Article 2.1.<\/b><\/p>\n<ul>\n<li><b> TMCdC \u2013 Trail Menorca Cam\u00ed de Cavalls ConectaBalear CdC \u2013 185 km et D+ 3500 m\u00e8tres (Ciutadella \u2013 Ciutadella)<\/b><span style=\"font-weight: 400;\"> : il s&#8217;agit de la course principale, la plus longue, qui constitue le programme principal de l&#8217;\u00e9v\u00e9nement. Elle fait le tour complet de l&#8217;\u00eele, avec ses 185 km du GR-223.<\/span><\/li>\n<\/ul>\n<p><span style=\"font-weight: 400;\">La TMCdC d\u00e9butera le 1er mai 2026 \u00e0 8h30 sur la Plaza des Pins \u00e0 Ciutadella et se terminera le 3 mai \u00e0 1h00, \u00e0 l&#8217;arriv\u00e9e situ\u00e9e sur la Plaza des Born, \u00e9galement \u00e0 Ciutadella. Cette \u00e9preuve peut \u00eatre r\u00e9alis\u00e9e individuellement ou en relais de 2 \u00e0 4 membres.<\/span><\/p>\n<p><span style=\"font-weight: 400;\">IMPORTANT : l&#8217;\u00e9preuve comptera 2 d\u00e9parts.<\/span><\/p>\n<ul>\n<li><span style=\"font-weight: 400;\"> Le premier aura lieu \u00e0 8h30 pour les participants moins exp\u00e9riment\u00e9s et plus lents, qui disposeront de 40 heures pour parcourir le trajet.<\/span><\/li>\n<li><span style=\"font-weight: 400;\"> Le deuxi\u00e8me d\u00e9part aura lieu \u00e0 15h30 pour les participants dont le temps total sera de 33,5 heures.<\/span><\/li>\n<\/ul>\n<p><span style=\"font-weight: 400;\">L&#8217;heure de d\u00e9part d\u00e9terminera le temps limite que chaque coureur devra respecter. Le temps limite ne peut pas \u00eatre modifi\u00e9 pendant la course. Tout non-respect de cette r\u00e8gle entra\u00eenera la disqualification.<\/span><\/p>\n<p><span style=\"font-weight: 400;\">Les participants \u00e0 l&#8217;\u00e9preuve de relais devront obligatoirement prendre le d\u00e9part \u00e0 15h30.<\/span><\/p>\n<p>&nbsp;<\/p>\n<ul>\n<li><b> TMCN Trail Menorca Costa Nord \u2013 100 km et D+ 2300 m\u00e8tres (Ma\u00f3 \u2013 Ciutadella)<\/b><span style=\"font-weight: 400;\"> : cette course correspond au trac\u00e9 nord complet du GR-223, depuis la localit\u00e9 de Ma\u00f3 jusqu&#8217;\u00e0 l&#8217;arriv\u00e9e situ\u00e9e sur la Plaza des Born, \u00e0 Ciutadella. Le d\u00e9part sera donn\u00e9 \u00e0 l&#8217;aube du samedi 2 mai 2026 \u00e0 1 h, depuis le port de Ma\u00f3, et l&#8217;arriv\u00e9e se fera sur la Plaza des Born. La course se terminera le dimanche 3 \u00e0 0 h 30.<\/span><\/li>\n<li><b>TMCS Trail Menorca Costa Sud \u2013 85 km et D+ 1 200 m\u00e8tres (Es Castell \u2013 Ciutadella) <\/b><span style=\"font-weight: 400;\">: cette course correspond au trac\u00e9 sud complet du GR-223, depuis la localit\u00e9 d&#8217;Es Castell jusqu&#8217;\u00e0 l&#8217;arriv\u00e9e situ\u00e9e sur la Plaza des Born, \u00e0 Ciutadella. Elle d\u00e9butera le samedi 2 mai 2026 \u00e0 6h30 \u00e0 Es Castell et se terminera le 3 \u00e0 00h30 \u00e0 Ciutadella.<\/span><\/li>\n<li><b> PTCN Petit Trail Costa Nord \u2013 58 km (Fornells \u2013 Ciutadella) <\/b><span style=\"font-weight: 400;\">: cette course correspond approximativement \u00e0 la moiti\u00e9 du GR-223 sur la face nord. Elle partira de la localit\u00e9 c\u00f4ti\u00e8re de Fornells et l&#8217;arriv\u00e9e sera situ\u00e9e sur la Plaza des Born, \u00e0 Ciutadella. Le d\u00e9part sera donn\u00e9 le samedi 2 mai 2026 \u00e0 8h00 dans les environs de la tour de d\u00e9fense de Fornells. La course commencera par une ascension directe vers la tour de Fornells, puis passera par la promenade maritime et se terminera en rejoignant le Cam\u00ed de Cavalls.<\/span><\/li>\n<\/ul>\n<p>&nbsp;<\/p>\n<p><b>PTCS Petit Trail Costa Sud \u2013 44 km (Es Migjorn Gran \u2013 Ciutadella<\/b><span style=\"font-weight: 400;\">) : cette course correspond approximativement \u00e0 1\/4 du GR-223 sur sa face sud. Le d\u00e9part est situ\u00e9 dans la localit\u00e9 d&#8217;Es Migjorn Gran le samedi 2 mai 2026 et l&#8217;arriv\u00e9e \u00e0 la Plaza des Born, \u00e0 Ciutadella. Il y aura deux d\u00e9parts, avec 10,5 heures pour effectuer le parcours jusqu&#8217;\u00e0 Ciutadella :<\/span><\/p>\n<p><span style=\"font-weight: 400;\">08h00 (maximum 300 participants)<\/span><\/p>\n<p><span style=\"font-weight: 400;\">09h00 (maximum 300 participants)<\/span><\/p>\n<p>&nbsp;<\/p>\n<ul>\n<li><span style=\"font-weight: 400;\">STCN Short Trail Costa Nord &#8211; 27 km (La Vall &#8211; Ciutadella) : cette course correspond \u00e0 une distance r\u00e9duite de la face nord, tr\u00e8s accessible pour les d\u00e9butants ou les coureurs qui sont plus \u00e0 l&#8217;aise sur de courtes distances. C&#8217;est un parcours pratiquement sans difficult\u00e9, mais avec quelques kilom\u00e8tres dans une zone d&#8217;une beaut\u00e9 particuli\u00e8re. Le d\u00e9part aura lieu le samedi 2 mai 2026 au parking de la plage d&#8217;Algaiarens (La Vall) et l&#8217;arriv\u00e9e \u00e0 la Plaza des Born, \u00e0 Ciutadella. Il y aura deux d\u00e9parts et un temps maximum de 6,5 heures pour effectuer le parcours.<\/span><\/li>\n<\/ul>\n<p><span style=\"font-weight: 400;\">15 h (350 participants maximum).<\/span><\/p>\n<p><span style=\"font-weight: 400;\">16 h (350 participants maximum).<\/span><\/p>\n<p>&nbsp;<\/p>\n<ul>\n<li><b> TMCdC STARTER \u2013 11 km (Binimel\u00b7la \u2013 Platges de Fornells) <\/b><span style=\"font-weight: 400;\">: cette nouvelle distance parcourra la face nord de Minorque et est destin\u00e9e aux coureurs qui souhaitent profiter de l&#8217;exp\u00e9rience du Cam\u00ed de Cavalls, m\u00eame s&#8217;ils sont d\u00e9butants ou se sentent plus \u00e0 l&#8217;aise sur de courtes distances. Le d\u00e9part sera donn\u00e9 \u00e0 Binimel\u00b7la, le vendredi 1er mai 2026 \u00e0 17h00, et l&#8217;arriv\u00e9e se fera \u00e0 Playas de Fornells. Il y aura deux d\u00e9parts.<\/span><\/li>\n<\/ul>\n<p><span style=\"font-weight: 400;\">17h00 (maximum 200 participants)<\/span><\/p>\n<p><span style=\"font-weight: 400;\">18h00 (maximum 200 participants)<\/span><\/p>\n<p><span style=\"font-weight: 400;\">Horaires pr\u00e9vus<\/span><\/p>\n<p><b>TMCdC Trail Menorca Cam\u00ed de Cavalls ConectaBalear CdC \u2013 185 KM (Ciutadella \u2013 Ciutadella)<\/b><\/p>\n<p><span style=\"font-weight: 400;\">Vendredi 1er mai<\/span><\/p>\n<ul>\n<li><span style=\"font-weight: 400;\"> 1er d\u00e9part \u00e0 8 h 30 (d\u00e9part obligatoire pour les participants ayant un rythme plus lent avec un temps de course de 40 heures).<\/span><\/li>\n<li><span style=\"font-weight: 400;\"> 2e d\u00e9part \u00e0 15h30 (d\u00e9part pour les participants professionnels ou tr\u00e8s entra\u00een\u00e9s avec un temps estim\u00e9 de 33h30).<\/span><\/li>\n<li><span style=\"font-weight: 400;\"> 3e d\u00e9part \u00e0 15h30 (d\u00e9part pour les participants en mode relais).<\/span><\/li>\n<\/ul>\n<p>&nbsp;<\/p>\n<p><b>TMCN Trail Menorca Costa Nord \u2013 100 km (Ma\u00f3 \u2013 Ciutadella)<\/b><\/p>\n<p><span style=\"font-weight: 400;\">Samedi 2 mai<\/span><\/p>\n<ul>\n<li><span style=\"font-weight: 400;\"> D\u00e9part \u00e0 1 h (d\u00e9part du parc Rochina dans le port de Ma\u00f3)<\/span><\/li>\n<\/ul>\n<p>&nbsp;<\/p>\n<p><b>TMCS Trail Menorca Costa Sud \u2013 85 km (Es Castell \u2013 Ciutadella)<\/b><\/p>\n<p><span style=\"font-weight: 400;\">Samedi 2 mai<\/span><\/p>\n<p><span style=\"font-weight: 400;\">D\u00e9part commun \u00e0 6 h 30 depuis le terrain de football d&#8217;Es Castell<\/span><\/p>\n<ul>\n<li><span style=\"font-weight: 400;\"> D\u00e9part pour les participants au Trail Menorca Costa Sud \u2013 85 km<\/span><\/li>\n<li><span style=\"font-weight: 400;\"> D\u00e9part pour les participants au TMCdC Trail Menorca CdC \u2013 185 km en mode relais<\/span><\/li>\n<\/ul>\n<p><b>*Voir le r\u00e8glement des relais<\/b><\/p>\n<p>&nbsp;<\/p>\n<p><b>PTCN Short Trail Costa Norte \u2013 58 km (Fornells \u2013 Ciutadella)<\/b><\/p>\n<p><span style=\"font-weight: 400;\">Samedi 2 mai<\/span><\/p>\n<ul>\n<li><b> D\u00e9part \u00e0 8 h<\/b><span style=\"font-weight: 400;\"> (d\u00e9part de la rue Tramontana en direction de la tour de surveillance de Fornells)<\/span><\/li>\n<\/ul>\n<p>&nbsp;<\/p>\n<p><b>PTCS Petit Trail Costa Sud \u2013 44 km (Es Migjorn Gran \u2013 Ciutadella)<\/b><\/p>\n<p><span style=\"font-weight: 400;\">Samedi 2 mai<\/span><\/p>\n<ul>\n<li><b> 1er d\u00e9part \u00e0 8 h<\/b><span style=\"font-weight: 400;\"> (d\u00e9part obligatoire pour les participants qui souhaitent se disputer les 3 premi\u00e8res places du classement final et pr\u00e9voient de parcourir la distance en moins de 6 heures \u00e0 une allure d&#8217;environ 8&#8217;10 m\/km)<\/span><\/li>\n<li><b> 2e d\u00e9part \u00e0 9 h <\/b><span style=\"font-weight: 400;\">(d\u00e9part pour les coureurs qui pr\u00e9voient de parcourir la distance en moins de 6 heures \u00e0 une allure d&#8217;environ 12 m\/km)<\/span><\/li>\n<\/ul>\n<p>&nbsp;<\/p>\n<p><b>STCN Short Trail Costa Nord \u2013 27KM (La Vall \u2013 Ciutadella)<\/b><\/p>\n<p><span style=\"font-weight: 400;\">Samedi 2 mai<\/span><\/p>\n<ul>\n<li><b> 1er d\u00e9part \u00e0 15 h<\/b><span style=\"font-weight: 400;\"> (d\u00e9part obligatoire pour les participants qui souhaitent se disputer les 3 premi\u00e8res places du classement final et pr\u00e9voient de parcourir la distance en moins de 3 heures \u00e0 une allure inf\u00e9rieure \u00e0 environ 7 min 10 s\/km)<\/span><\/li>\n<li><b>2e d\u00e9part \u00e0 16 h<\/b><span style=\"font-weight: 400;\"> (d\u00e9part pour les coureurs qui pr\u00e9voient de parcourir la distance en moins de 3 heures \u00e0 une allure moyenne d&#8217;environ 12 m\/km)<\/span><\/li>\n<\/ul>\n<p>&nbsp;<\/p>\n<p><b>TMCdC STARTER Trail Minorque Cam\u00ed de Cavalls STARTER &#8211; 11 km (Binimel\u00b7la \u2013 Plages de Fornells)<\/b><\/p>\n<p><span style=\"font-weight: 400;\">Vendredi 1er mai<\/span><\/p>\n<ul>\n<li><b> 1er d\u00e9part \u00e0 17 h<\/b><span style=\"font-weight: 400;\"> (d\u00e9part obligatoire pour les coureurs qui souhaitent se disputer les 3 premi\u00e8res places du classement final et pr\u00e9voient de parcourir la distance en moins d&#8217;1 h 30 environ, \u00e0 une allure inf\u00e9rieure \u00e0 8 m\/km)<\/span><\/li>\n<li><b>2e d\u00e9part \u00e0 18 h<\/b><span style=\"font-weight: 400;\"> (d\u00e9part pour les coureurs qui pr\u00e9voient de parcourir la distance en moins d&#8217;1 h 30 \u00e0 une allure d&#8217;environ 12 m\/km)<\/span><\/li>\n<\/ul>\n<p><b>Article 2.2. Transfert vers les d\u00e9parts<\/b><\/p>\n<p><span style=\"font-weight: 400;\">Chaque course b\u00e9n\u00e9ficiera d&#8217;un service de transfert des coureurs vers le d\u00e9part. Le co\u00fbt sera de 7 \u20ac et comprend :<\/span><\/p>\n<p>&nbsp;<\/p>\n<p><span style=\"font-weight: 400;\">&#8211; Transfert en bus depuis la gare routi\u00e8re de Ciutadella (Av. Josep Mascar\u00f3 Pasarius), avec un arr\u00eat pr\u00e9alable \u00e0 Cala&#8217;n Bosch pour les personnes log\u00e9es \u00e0 l&#8217;h\u00f4tel officiel de l&#8217;\u00e9preuve, jusqu&#8217;au d\u00e9part de chacune des distances de 100 km, 85 km, 58 km, 44 km et 27 km.<\/span><\/p>\n<p><span style=\"font-weight: 400;\">&#8211; Pour la distance de 11 km, le service de bus sera assur\u00e9 depuis le ravitaillement de Playas de Fornells (zone d&#8217;arriv\u00e9e de la distance) jusqu&#8217;\u00e0 la zone de d\u00e9part.<\/span><\/p>\n<p><span style=\"font-weight: 400;\">Il pourra \u00eatre achet\u00e9 au moment de l&#8217;inscription ou lors du retrait des dossards.<\/span><\/p>\n<p><span style=\"font-weight: 400;\">Pour l&#8217;\u00e9preuve STCN de 27 km et TMCdC STARTER de 11 km, le service de bus vers la ligne de d\u00e9part sera obligatoire. \u00c9tant donn\u00e9 que l&#8217;\u00e9preuve se d\u00e9roule dans un espace naturel prot\u00e9g\u00e9 et pour des raisons \u00e9videntes, l&#8217;acc\u00e8s aux v\u00e9hicules particuliers sera restreint dans les heures pr\u00e9c\u00e9dant le d\u00e9part.<\/span><\/p>\n<p><b>Article 2.2.1 Transfert sp\u00e9cial \u00e0 Cala Pilar<\/b><\/p>\n<p><span style=\"font-weight: 400;\">En raison de la forte affluence et du peu d&#8217;espace disponible pour se garer sur la plage de Cala Pilar, o\u00f9 se trouve le ravitaillement, il a \u00e9t\u00e9 d\u00e9cid\u00e9 de mettre en place un bus de transfert afin que les coureurs des \u00e9quipes de relais qui doivent partir de ce ravitaillement et les \u00ab SUPPORTERS \u00bb des coureurs de 185 km et 100 km qui passent par l\u00e0 puissent acc\u00e9der au ravitaillement. L&#8217;acc\u00e8s aux v\u00e9hicules personnels sera interdit afin d&#8217;\u00e9viter les attroupements.<\/span><\/p>\n<p><b>Article 2.3 Retrait des dossards<\/b><\/p>\n<p data-start=\"938\" data-end=\"1062\">Les dossards, inclus dans le sac du coureur, seront \u00e0 retirer sous la tente install\u00e9e sur la Plaza des Born :<\/p>\n<ul>\n<li data-start=\"1064\" data-end=\"1273\"><strong>Jeudi 30 avril 2026<\/strong> : de 16 h \u00e0 21 h, de pr\u00e9f\u00e9rence pour les participants des \u00e9preuves TMCdC 185 km, TMCN 100 km et 11 km.<\/li>\n<li data-start=\"1064\" data-end=\"1273\"><strong>Vendredi 1er mai 2026 :<\/strong> de 10 h \u00e0 13 h et de 16 h \u00e0 21 h pour tous les participants.<\/li>\n<\/ul>\n<p data-start=\"1275\" data-end=\"1385\" data-is-last-node=\"\" data-is-only-node=\"\"><em data-start=\"1275\" data-end=\"1385\" data-is-last-node=\"\">*\u00c0 partir de 13 h le vendredi 1er mai 2026, les dossards de la course de 11 km ne pourront plus \u00eatre retir\u00e9s.<\/em><\/p>\n<p><span style=\"font-weight: 400;\">Si vous ne pouvez pas retirer votre dossard pendant les horaires indiqu\u00e9s et pour des raisons valables, deux options vous sont propos\u00e9es :\u00a0<\/span><\/p>\n<p>&nbsp;<\/p>\n<p><span style=\"font-weight: 400;\">\u00a0Envoyer une personne accr\u00e9dit\u00e9e pour vous repr\u00e9senter. Cette personne devra fournir :<\/span><\/p>\n<p><span style=\"font-weight: 400;\">o Une demande par e-mail \u00e0 contacto@elitechip.net pour demander le retrait par une personne autoris\u00e9e (la date limite pour demander cette option est fix\u00e9e au 24 avril 2026 \u00e0 23h59)<\/span><\/p>\n<p><span style=\"font-weight: 400;\">o Une photocopie num\u00e9rique de la carte d&#8217;identit\u00e9 originale du coureur propri\u00e9taire du dossard<\/span><\/p>\n<p><span style=\"font-weight: 400;\">o Justificatif d&#8217;inscription qui ne peut \u00eatre t\u00e9l\u00e9charg\u00e9 que par le participant propri\u00e9taire du dossard via l&#8217;application Elitechip ou dans l&#8217;e-mail de confirmation de l&#8217;inscription.<\/span><\/p>\n<p><span style=\"font-weight: 400;\">o En cas de retrait de dossards de coureurs f\u00e9d\u00e9r\u00e9s par la F\u00c9D\u00c9RATION D&#8217;ATHL\u00c9TISME DES \u00ceLES BALEARES OU ESPAGNOLE, une photocopie ou une photo de la <\/span><b>licence<\/b><span style=\"font-weight: 400;\"> devra \u00eatre pr\u00e9sent\u00e9e.<\/span><b> En cas de non-pr\u00e9sentation de la licence correspondante, l&#8217;assurance comp\u00e9tition devra \u00eatre pay\u00e9e au prix de 6 \u20ac.<\/b><\/p>\n<p>&nbsp;<\/p>\n<p><b>LES DOSSARDS NE SERONT PAS REMIS SI CES MESURES N&#8217;ONT PAS \u00c9T\u00c9 RESPECT\u00c9ES<\/b><\/p>\n<ol start=\"2\">\n<li><span style=\"font-weight: 400;\"> \u00c0 titre exceptionnel, si la raison pour laquelle vous ne pouvez pas retirer votre dossard dans les d\u00e9lais impartis est que vous arrivez \u00e0 Minorque par un vol ou un bateau apr\u00e8s l&#8217;heure de remise des dossards, vous devez envoyer un e-mail expliquant et justifiant les raisons \u00e0 contacto@elitechip.net. Si les raisons sont accept\u00e9es, le dossard pourra \u00eatre retir\u00e9 le jour m\u00eame de la course avant le d\u00e9part (la date limite pour demander cette option est fix\u00e9e au 24 avril 2026 \u00e0 23h59).<\/span><\/li>\n<\/ol>\n<p>[\/vc_column_text][\/vc_tta_section][vc_tta_section title=&#8221;Article 3. Acceptation du reglement.&#8221; tab_id=&#8221;1723033677104-df62470e-aa56&#8243;][vc_column_text css=&#8221;&#8221;]<span style=\"font-weight: 400;\">L&#8217;inscription \u00e0 l&#8217;\u00e9preuve implique l&#8217;acceptation totale du pr\u00e9sent r\u00e8glement. Le pr\u00e9sent r\u00e8glement devra \u00eatre strictement respect\u00e9 par tous les participants \u00e0 l&#8217;une des huit \u00e9preuves du XIVe Trail Menorca Cam\u00ed de Cavalls ConectaBalear.<\/span><\/p>\n<p><span style=\"font-weight: 400;\">L&#8217;organisation se r\u00e9serve le droit de modifier, d&#8217;interpr\u00e9ter et de changer le pr\u00e9sent r\u00e8glement pour le bon d\u00e9roulement de l&#8217;\u00e9preuve, le directeur de course, le coordinateur g\u00e9n\u00e9ral et les juges f\u00e9d\u00e9raux ayant le pouvoir de prendre la d\u00e9cision finale en cas de doute ou d&#8217;interpr\u00e9tation du r\u00e8glement.<\/span><\/p>\n<p><span style=\"font-weight: 400;\">Pour v\u00e9rifier si vous consultez la derni\u00e8re version, vous devrez consulter la section \u00ab r\u00e9vision \u00bb du r\u00e8glement, o\u00f9 figurera la date de la derni\u00e8re r\u00e9vision.<\/span>[\/vc_column_text][\/vc_tta_section][vc_tta_section title=&#8221;Article 4. La course et le parcours.&#8221; tab_id=&#8221;1723033684589-547401d0-482d&#8221;][vc_column_text css=&#8221;&#8221;]<span style=\"font-weight: 400;\">La XIVe \u00e9dition du Trail Menorca Cam\u00ed de Cavalls ConectaBalear se d\u00e9roule en grande partie sur le sentier GR-223, un itin\u00e9raire qui compte plus de 2 200 balises en bois servant \u00e0 marquer le parcours. L&#8217;organisation renforcera la signalisation dans toutes les zones qui en ont besoin, avec du ruban de balisage et une signalisation sp\u00e9cifique cr\u00e9\u00e9e pour l&#8217;\u00e9preuve. Les principaux \u00e9l\u00e9ments d&#8217;orientation seront les balises en bois, le ruban adh\u00e9sif ne sera utilis\u00e9 que de mani\u00e8re ponctuelle. Le facteur orientation joue \u00e9galement un r\u00f4le important dans la comp\u00e9tition elle-m\u00eame.<\/span><\/p>\n<p><span style=\"font-weight: 400;\">Comme l&#8217;\u00e9preuve se d\u00e9roule dans le cadre de la r\u00e9serve de biosph\u00e8re de Minorque, les rubans adh\u00e9sifs ou balisages suppl\u00e9mentaires seront r\u00e9alis\u00e9s avec des \u00e9l\u00e9ments r\u00e9utilisables et compatibles avec l&#8217;environnement.<\/span><\/p>\n<ul>\n<li><span style=\"font-weight: 400;\"> Le plan du parcours des huit distances est disponible sur le site officiel de la course (www.trailmenorca.es). Tout changement ou modification sera publi\u00e9 sur le site web, ainsi que sur les profils Facebook et Instagram de Trail Menorca Cam\u00ed de Cavalls ConectaBalear. Le parcours peut \u00eatre modifi\u00e9 pour des raisons administratives.<\/span><\/li>\n<li><span style=\"font-weight: 400;\"> Le parcours ne sera pas ferm\u00e9 \u00e0 la circulation, les participants devront donc redoubler de prudence et respecter le code de la route dans les zones o\u00f9 il est partag\u00e9 avec des v\u00e9hicules \u00e0 moteur.<\/span><\/li>\n<li><span style=\"font-weight: 400;\"> Pendant toute la dur\u00e9e des 8 distances de la XIVe \u00e9dition du Trail Menorca Cami de Cavalls ConectaBalear, y compris les relais, les participants devront suivre \u00e0 tout moment les instructions des membres de l&#8217;organisation. Le non-respect de cette r\u00e8gle entra\u00eenera la disqualification imm\u00e9diate.<\/span><\/li>\n<li><span style=\"font-weight: 400;\"> La course sera contr\u00f4l\u00e9e \u00e9lectroniquement gr\u00e2ce au syst\u00e8me de puces de la soci\u00e9t\u00e9 Elitechip. Les participants porteront la puce de suivi coll\u00e9e au dos de leur dossard et, dans le cas des relais, ils devront \u00e9galement porter une puce de suivi qui devra \u00eatre plac\u00e9e \u00e0 hauteur de la cheville. Si ces syst\u00e8mes ne sont pas utilis\u00e9s correctement, les lectures peuvent \u00eatre erron\u00e9es. Ce syst\u00e8me permet de suivre en ligne les temps de passage de chaque coureur aux points de contr\u00f4le mis en place par l&#8217;organisation. Il est possible que, sur certaines distances, les coureurs doivent porter une puce de suivi plac\u00e9e dans leur sac \u00e0 dos afin de permettre un suivi en temps r\u00e9el du coureur. L&#8217;organisation mettra en place des points de contr\u00f4le pendant la course afin de s&#8217;assurer que les coureurs terminent le parcours, en plus d&#8217;enregistrer le temps de passage de chacun.<\/span><\/li>\n<li><span style=\"font-weight: 400;\"> L&#8217;organisation mettra en place des contr\u00f4les \u00ab surprise \u00bb tout au long du Cam\u00ed de Cavalls afin d&#8217;\u00e9viter les tricheries, les raccourcis ou de d\u00e9tecter si les coureurs ne portent pas le mat\u00e9riel obligatoire pendant la course. Le fait de ne pas passer par ces points de contr\u00f4le entra\u00eenera des p\u00e9nalit\u00e9s de temps qui, si elles sont cumulatives et r\u00e9p\u00e9t\u00e9es, peuvent entra\u00eener la disqualification.<\/span><\/li>\n<li><span style=\"font-weight: 400;\"> Il est interdit de couper le parcours, sous peine de disqualification ou de sanctions sous forme d&#8217;ajout de temps. Toute plainte \u00e0 ce sujet doit \u00eatre accompagn\u00e9e d&#8217;une photographie ou d&#8217;une vid\u00e9o permettant d&#8217;identifier le coureur et l&#8217;endroit o\u00f9 il se trouve. Si la plainte est jug\u00e9e recevable, elle peut entra\u00eener la disqualification du coureur.<\/span><\/li>\n<\/ul>\n<p><b>Article 4.1. Fonctionnement du TMCdC Trail Menorca Cam\u00ed de Cavalls ConectaBalear CdC \u2013 185 km \u2013 Relais.<\/b><\/p>\n<ul>\n<li aria-level=\"1\"><b>Composantes :<\/b><\/li>\n<\/ul>\n<p><span style=\"font-weight: 400;\">Chaque \u00e9quipe sera compos\u00e9e de 2, 3 ou 4 membres, qui devront parcourir le Trail Menorca Cam\u00ed de Cavalls 185 km (TMCdC) en se relayant.<\/span><\/p>\n<ul>\n<li aria-level=\"1\"><b>Tron\u00e7ons :<\/b><\/li>\n<\/ul>\n<p><span style=\"font-weight: 400;\">Les tron\u00e7ons de relais correspondront \u00e0 chaque point de contr\u00f4le \u00e0 puce situ\u00e9 sur le parcours et plac\u00e9 aux points de ravitaillement. Ainsi, chaque tron\u00e7on correspondra \u00e0 la distance entre les points de ravitaillement chronom\u00e9tr\u00e9s (Binimel\u00b7la et Son Saura ne seront pas des points o\u00f9 il sera possible d&#8217;effectuer le changement de coureur). La course comportera 13 \u00e9tapes, que les membres de l&#8217;\u00e9quipe devront effectuer \u00e0 la suite ou en alternance. En aucun cas, deux membres de la m\u00eame \u00e9quipe ne pourront courir la m\u00eame \u00e9tape du parcours.<\/span><\/p>\n<p>&nbsp;<\/p>\n<p><span style=\"font-weight: 400;\">Exemple de tron\u00e7ons :<\/span><span style=\"font-weight: 400;\"><br \/>\n<\/span><span style=\"font-weight: 400;\">Son Morell : 16 km<\/span><span style=\"font-weight: 400;\"><br \/>\n<\/span><span style=\"font-weight: 400;\">El Pilar : 15 km<\/span><span style=\"font-weight: 400;\"><br \/>\n<\/span><span style=\"font-weight: 400;\">(et ainsi de suite jusqu&#8217;\u00e0 compl\u00e9ter les 13 tron\u00e7ons)<\/span><\/p>\n<p>&nbsp;<\/p>\n<ul>\n<li style=\"font-weight: 400;\" aria-level=\"1\"><b>Strat\u00e9gie:<\/b><\/li>\n<\/ul>\n<p><span style=\"font-weight: 400;\">Les \u00e9quipes pourront choisir individuellement leur strat\u00e9gie de course, chaque membre de l&#8217;\u00e9quipe devant obligatoirement effectuer au moins 3 tron\u00e7ons. Le coureur pourra choisir librement de les effectuer \u00e0 la suite ou en alternance avec les autres membres de l&#8217;\u00e9quipe. Il n&#8217;y aura pas de liste pr\u00e9alable avec l&#8217;ordre des \u00e9tapes, celui-ci sera totalement libre, il suffira de suivre le protocole \u00e9tabli lors du changement de coureur pour enregistrer les donn\u00e9es dans le syst\u00e8me.<\/span><\/p>\n<p>&nbsp;<\/p>\n<p><span style=\"font-weight: 400;\">Par exemple :<\/span><\/p>\n<p><span style=\"font-weight: 400;\">Une \u00e9quipe de 4 athl\u00e8tes, chacun des athl\u00e8tes devra effectuer 3 \u00e9tapes, cons\u00e9cutives ou altern\u00e9es, et un membre de l&#8217;\u00e9quipe devra effectuer un quatri\u00e8me relais, afin que tous ensemble ils effectuent les 13 \u00e9tapes.<\/span><\/p>\n<p><span style=\"font-weight: 400;\">Une \u00e9quipe compos\u00e9e de 3 athl\u00e8tes, une fois que les 3 membres de l&#8217;\u00e9quipe auront effectu\u00e9 les trois \u00e9tapes obligatoires, les autres seront libres de choisir le membre le plus en forme, le membre un effectuant 3 \u00e9tapes, le membre deux 3 \u00e9tapes et le membre trois 3 \u00e9tapes.<\/span><\/p>\n<p>&nbsp;<\/p>\n<ul>\n<li aria-level=\"1\"><b>Pause obligatoire:<\/b><\/li>\n<\/ul>\n<p><span style=\"font-weight: 400;\">Une fois arriv\u00e9es au ravitaillement d&#8217;Es Castell (km 100), qui marque la fin de la partie nord de l&#8217;\u00e9preuve, les \u00e9quipes de relais devront faire une pause obligatoire jusqu&#8217;\u00e0 6h30, puis prendre part au d\u00e9part du TMCS Trail Menorca Costa Sur -85 km qui se d\u00e9roule au ravitaillement d&#8217;Es Castell.<\/span><\/p>\n<p>&nbsp;<\/p>\n<ul>\n<li aria-level=\"1\"><b>D\u00e9part :<\/b><\/li>\n<\/ul>\n<p><span style=\"font-weight: 400;\">Le d\u00e9part des \u00e9quipes aura lieu \u00e0 15h30 et elles disposent d&#8217;un temps maximum de 33,5 heures.<\/span><\/p>\n<ul>\n<li aria-level=\"1\"><b>Contr\u00f4le des puces :<\/b><\/li>\n<\/ul>\n<p><span style=\"font-weight: 400;\">Tous les membres de l&#8217;\u00e9quipe devront participer avec leur puce individuelle attribu\u00e9e. De plus, une deuxi\u00e8me puce sous forme de bande velcro sera attribu\u00e9e \u00e0 l&#8217;\u00e9quipe. Ainsi, le coureur qui effectue le relais pendant l&#8217;\u00e9tape devra courir avec deux puces, la sienne et celle de l&#8217;\u00e9quipe.<\/span><\/p>\n<ul>\n<li aria-level=\"1\"><b>Comment effectuer le relais ?<\/b><\/li>\n<\/ul>\n<p><span style=\"font-weight: 400;\">Le coureur qui termine la section passera sur les tapis de contr\u00f4le des puces avec les deux puces. Ensuite, le coureur devra se placer dans la zone indiqu\u00e9e pour effectuer le relais et remettre la puce attribu\u00e9e \u00e0 l&#8217;\u00c9QUIPE au relais suivant. Celui-ci devra repasser par le contr\u00f4le des puces pour activer le d\u00e9but de la section du relais suivant.<\/span><\/p>\n<p><span style=\"font-weight: 400;\">Si c&#8217;est le m\u00eame relayeur qui continue la section suivante, il ne devra passer qu&#8217;une seule fois par le contr\u00f4le de temps.<\/span><\/p>\n<p><span style=\"font-weight: 400;\">Il convient de rappeler que chaque d\u00e9but\/fin de tron\u00e7on co\u00efncidera avec un point de chronom\u00e9trage habilit\u00e9 et co\u00efncidera avec un point de ravitaillement. Aucun changement de relayeur ne sera autoris\u00e9 ailleurs sur le parcours. (En cas de blessure ou d&#8217;abandon d&#8217;un relayeur pendant la course, d\u00fbment justifi\u00e9, les autres membres de l&#8217;\u00e9quipe seront autoris\u00e9s \u00e0 poursuivre la course, mais ils participeront hors comp\u00e9tition).<\/span>[\/vc_column_text][\/vc_tta_section][vc_tta_section title=&#8221;Article 5. Participation.&#8221; tab_id=&#8221;1723033691916-2fd0e68e-23f0&#8243;][vc_column_text css=&#8221;&#8221;]<span style=\"font-weight: 400;\">La participation sera ouverte \u00e0 toutes les personnes qui auront correctement effectu\u00e9 leur inscription et r\u00e9gl\u00e9 les frais li\u00e9s \u00e0 la distance choisie. De plus, chaque coureur devra accepter le document de d\u00e9charge de responsabilit\u00e9 sp\u00e9cifique lors du processus d&#8217;inscription.<\/span><\/p>\n<p><span style=\"font-weight: 400;\">De m\u00eame, au moment de formaliser son inscription, le participant devra prendre connaissance, accepter et respecter les recommandations suivantes :<\/span><\/p>\n<ul>\n<li><span style=\"font-weight: 400;\"> Les participants devront respecter l&#8217;environnement dans lequel se d\u00e9roule l&#8217;\u00e9preuve et le maintenir propre. Pour cette raison, il est interdit et passible de p\u00e9nalit\u00e9 et de disqualification de laisser tout type de d\u00e9chet ou de r\u00e9sidu en dehors des poubelles pr\u00e9vues \u00e0 cet effet. Les juges pourront prendre cette mesure sur la base d&#8217;un t\u00e9moignage de tout membre de l&#8217;organisation du Trail Menorca Cam\u00ed de Cavalls ConectaBalear.<\/span><\/li>\n<li><span style=\"font-weight: 400;\"> L&#8217;\u00e2ge minimum pour participer est de 18 ans r\u00e9volus le jour m\u00eame de l&#8217;\u00e9preuve et la participation de mineurs n&#8217;est en aucun cas autoris\u00e9e.<\/span><\/li>\n<\/ul>\n<p><span style=\"font-weight: 400;\">*Pour l&#8217;\u00e9preuve TMCdC STARTER, l&#8217;\u00e2ge minimum pour participer est de 16 ans r\u00e9volus le jour m\u00eame de l&#8217;\u00e9preuve et la participation d&#8217;athl\u00e8tes ne remplissant pas cette condition n&#8217;est en aucun cas autoris\u00e9e.\u00a0<\/span><\/p>\n<ul>\n<li><span style=\"font-weight: 400;\"> L&#8217;organisation recommande de passer un examen m\u00e9dical avant la tenue de cette comp\u00e9tition et d&#8217;\u00eatre en excellente condition physique pour participer \u00e0 cette \u00e9preuve d&#8217;ultra-endurance. L&#8217;organisation se r\u00e9serve le droit d&#8217;interdire ou d&#8217;annuler une inscription, ou de proc\u00e9der au retrait obligatoire d&#8217;un participant, si elle a des soup\u00e7ons suffisants que celui-ci ne remplit pas les conditions m\u00e9dicales minimales ou n&#8217;a pas suivi un entra\u00eenement suffisant pour affronter les diff\u00e9rents trails, la distance de 185 km impliquant un contr\u00f4le m\u00e9dical plus approfondi.<\/span><\/li>\n<li><span style=\"font-weight: 400;\"> L&#8217;aide ext\u00e9rieure sera autoris\u00e9e aux points de ravitaillement officiels de l&#8217;\u00e9preuve. Toute aide ext\u00e9rieure en dehors de ces points de ravitaillement entra\u00eenera la disqualification. Toute plainte \u00e0 cet \u00e9gard doit \u00eatre accompagn\u00e9e d&#8217;une photographie ou d&#8217;une vid\u00e9o identifiant le coureur et l&#8217;endroit o\u00f9 il se trouve.<\/span><\/li>\n<li><span style=\"font-weight: 400;\"> Il est strictement interdit de courir accompagn\u00e9 de personnes non inscrites \u00e0 l&#8217;\u00e9preuve sur des tron\u00e7ons sup\u00e9rieurs \u00e0 500 m ou 1 000 m, sous peine de disqualification imm\u00e9diate. Cette r\u00e8gle s&#8217;applique sur l&#8217;ensemble du parcours jusqu&#8217;\u00e0 l&#8217;arriv\u00e9e.<\/span><\/li>\n<li><span style=\"font-weight: 400;\"> Tous les coureurs, quelle que soit la distance parcourue, devront porter \u00e0 tout moment le dossard fourni par l&#8217;organisation du XIVe Trail Menorca Cam\u00ed de Cavalls ConectaBalear sur le devant de la poitrine, correctement fix\u00e9 et sans mouvement emp\u00eachant l&#8217;identification du nom au premier coup d&#8217;\u0153il. L&#8217;utilisation d&#8217;un porte-dossard est autoris\u00e9e, \u00e0 condition que le dossard soit fix\u00e9 \u00e0 un endroit quelconque du t-shirt, sans \u00eatre d\u00e9coup\u00e9, pli\u00e9 ou modifi\u00e9. Les coureurs doivent \u00e9galement disposer d&#8217;un moyen de communication (t\u00e9l\u00e9phone portable, etc.) et, surtout, de leur pi\u00e8ce d&#8217;identit\u00e9 pendant toute la dur\u00e9e de la course.<\/span><\/li>\n<li><span style=\"font-weight: 400;\"> Les diff\u00e9rentes \u00e9preuves du XIVe Trail Menorca Cam\u00ed de Cavalls ConectaBalear sont semi-autonome, c&#8217;est-\u00e0-dire qu&#8217;il est obligatoire d&#8217;emporter des liquides et des aliments solides pendant tout le parcours, en plus des autres \u00e9l\u00e9ments de s\u00e9curit\u00e9 indiqu\u00e9s dans la section correspondante. La raison en est simplement que la distance entre les ravitaillements varie entre 10 et 20 km.<\/span><\/li>\n<li><span style=\"font-weight: 400;\"> Tout comportement ind\u00e9cent, toute utilisation abusive du mat\u00e9riel des points de ravitaillement ou des \u00e9l\u00e9ments fixes du GR-223, tels que les barri\u00e8res, les murs de pierre ou autres \u00e9l\u00e9ments, est strictement interdit. Tout comportement inappropri\u00e9 et injustifi\u00e9 entra\u00eenera la disqualification imm\u00e9diate.<\/span><\/li>\n<li>Le GR-223 comporte un grand nombre de balises de d\u00e9limitation (environ 2 200 balises sur l&#8217;ensemble du parcours). Il est tr\u00e8s important d&#8217;avoir un bon sens de l&#8217;orientation, car celui-ci joue \u00e9galement un r\u00f4le important dans la comp\u00e9tition elle-m\u00eame. Seuls des rubans de balisage suppl\u00e9mentaires seront plac\u00e9s \u00e0 des endroits sp\u00e9cifiques, le balisage principal de la course \u00e9tant constitu\u00e9 par les balises du GR-223. Toutefois, l&#8217;organisation signalera ou renforcera les zones les plus complexes et, surtout, les zones urbaines, o\u00f9 le balisage est plus d\u00e9ficient.<\/li>\n<\/ul>\n<p>[\/vc_column_text][\/vc_tta_section][vc_tta_section title=&#8221;Article 6. D\u00e9lai de coupure.&#8221; tab_id=&#8221;1723033841612-a1e26fd0-718a&#8221;][vc_column_text css=&#8221;&#8221;]<span style=\"font-weight: 400;\">Les coureurs disposeront d&#8217;un temps limite pour chacune des 8 distances qui composent le XIVe Trail Menorca Cam\u00ed de Cavalls ConectaBalear. Tout participant arrivant hors d\u00e9lai \u00e0 un point de contr\u00f4le sera disqualifi\u00e9. Il n&#8217;est pas permis de se retirer en cours de parcours, m\u00eame sous la responsabilit\u00e9 du coureur. Cela n&#8217;est possible qu&#8217;aux points pr\u00e9vus \u00e0 cet effet, o\u00f9 il devra remettre son dossard et sa puce (si celle-ci est r\u00e9utilisable) et signer un document explicite de retrait qui se trouve \u00e0 chaque ravitaillement.<\/span><\/p>\n<p><b>IMPORTANT<\/b><span style=\"font-weight: 400;\"> : le retrait ou l&#8217;abandon de l&#8217;\u00e9preuve n&#8217;est autoris\u00e9 qu&#8217;aux points de contr\u00f4le ou de ravitaillement. Si un athl\u00e8te souhaite abandonner pour quelque raison que ce soit, il est tenu d&#8217;en informer le responsable du ravitaillement. Pour des raisons de s\u00e9curit\u00e9, en cas d&#8217;urgence m\u00e9dicale vitale ou similaire, les protocoles appropri\u00e9s seront activ\u00e9s. Les autres participants qui choisissent de se retirer devront bien calculer la distance entre les ravitaillements afin de ne pas se mettre dans des situations limites inutiles et de pouvoir contr\u00f4ler les abandons.<\/span><\/p>\n<p>&nbsp;<\/p>\n<p><span style=\"font-weight: 400;\">\u2013 Voici les temps maximums pour chaque distance :<\/span><\/p>\n<p><b>TMCdC Trail Menorca Cam\u00ed de Cavalls CdC ConectaBalear\u2013 185 km<\/b><\/p>\n<p><span style=\"font-weight: 400;\">o <\/span><b>TMCdC &#8211; 185 km D\u00e9part \u00e0 8h30 : 40h30.<\/b><\/p>\n<p><span style=\"font-weight: 400;\">o IMPORTANT : les coureurs qui partent \u00e0 cette heure ne pourront pas quitter le point de contr\u00f4le du KM 100 \u00e0 Es Castell avant 00h30 le samedi 2 mai 2026. Dans la cat\u00e9gorie f\u00e9minine, l&#8217;heure minimale de d\u00e9part \u00e0 ce point sera 01h30. Le temps d&#8217;arr\u00eat au ravitaillement d&#8217;Es Castell est pris en compte dans le temps final du coureur.<\/span><\/p>\n<p><b>o TMCdC &#8211; 185 km D\u00e9part \u00e0 15h30 : 33h30.<\/b><\/p>\n<p><b>IMPORTANT<\/b><span style=\"font-weight: 400;\"> : les coureurs qui partent \u00e0 cette heure devront respecter les temps limites correspondant \u00e0 cette heure, sinon ils seront disqualifi\u00e9s.<\/span><\/p>\n<p><b>o TMCdC &#8211; 185 km relais<\/b><\/p>\n<p><span style=\"font-weight: 400;\">IMPORTANT : les coureurs participant \u00e0 la cat\u00e9gorie relais doivent savoir que les temps limites maximums de 33,5 heures s&#8217;appliquent (pour les participants partant le vendredi 1er mai \u00e0 15h30).\u00a0<\/span><\/p>\n<p><span style=\"font-weight: 400;\">Une fois arriv\u00e9es au ravitaillement d&#8217;Es Castell (km 100), \u00e0 la fin de la partie nord de l&#8217;\u00e9preuve, les \u00e9quipes de relais devront faire une pause obligatoire jusqu&#8217;au d\u00e9part \u00e0 6h30, qui co\u00efncide avec le d\u00e9part du TMCS Trail Menorca Costa Sur &#8211; 85 km. Le temps d&#8217;arr\u00eat n&#8217;est pas pris en compte dans le temps final de l&#8217;\u00e9quipe.<\/span><\/p>\n<p><b>o TMCN Trail Menorca Costa Norte &#8211; 100 km : 22 heures.<\/b><\/p>\n<p><b>o TMCS Trail Menorca Costa Sur &#8211; 85 km : 18 heures.<\/b><\/p>\n<p><b>o PTCN Petit Trail Costa Norte &#8211; 58 km : 12 h 30.<\/b><\/p>\n<p><b>o PTCS Petit Trail Costa Sur &#8211; 44 km<\/b><\/p>\n<p><b>o STCN Short Trail Costa Norte &#8211; 27 km : 6 h 30.<\/b><\/p>\n<p><b>o TMCdC STARTER &#8211; 11 km : 2 h 30.<\/b>[\/vc_column_text][\/vc_tta_section][vc_tta_section title=&#8221;Article 7. Inscription, prix et d\u00e9lais.&#8221; tab_id=&#8221;1723033693497-02f9c115-ae52&#8243;][vc_column_text css=&#8221;&#8221;]<span style=\"font-weight: 400;\">Les inscriptions pour la XIVe \u00e9dition du Trail Menorca Cam\u00ed de Cavalls ConectaBalear 2026 seront ouvertes le 5 septembre 2025 \u00e0 18 h. Elles seront cl\u00f4tur\u00e9es le 1er avril 2026 ou d\u00e8s que les inscriptions pour chaque distance seront compl\u00e8tes.<\/span><\/p>\n<p><span style=\"font-weight: 400;\">Les inscriptions peuvent \u00eatre effectu\u00e9es sur le site web www.trailmenorca.es ou http:\/\/www.elitechip.net\/es\/cdc2026\u00a0<\/span><\/p>\n<p><span style=\"font-weight: 400;\">*En 2026, comme en 2025, les athl\u00e8tes r\u00e9sidant \u00e0 Minorque b\u00e9n\u00e9ficieront d&#8217;une r\u00e9duction de 20 % sur le prix final de l&#8217;inscription en utilisant un code qui devra \u00eatre demand\u00e9 par e-mail \u00e0 contacto@elitechip.net. Les personnes int\u00e9ress\u00e9es devront envoyer un certificat de r\u00e9sidence ou un document attestant qu&#8217;elles r\u00e9sident \u00e0 Minorque. Une fois la v\u00e9rification de la r\u00e9sidence effectu\u00e9e, le code de r\u00e9duction pourra \u00eatre utilis\u00e9 lors du processus d&#8217;inscription.<\/span><\/p>\n<p>&nbsp;<\/p>\n<p><span style=\"font-weight: 400;\">Voici les d\u00e9lais donnant droit \u00e0 une r\u00e9duction :<\/span><\/p>\n<p><b>Art\u00edculo 7.1. Precios y periodos de inscripciones<\/b><\/p>\n<p><b>o TMCdC Trail Menorca Cam\u00ed de Cavalls ConectaBalear CdC &#8211; 185KM<\/b><\/p>\n<ul>\n<li><span style=\"font-weight: 400;\"> Du 5 septembre 2025 jusqu&#8217;\u00e0 800 places au total : <\/span><b>175 euros<\/b><\/li>\n<li><span style=\"font-weight: 400;\"> \u00c0 partir de la 801e place sur les 1800 places au total, ou jusqu&#8217;au 31 janvier 2026 : 190 euros<\/span><\/li>\n<li><span style=\"font-weight: 400;\"> \u00c0 partir de 1 800 places au total ou \u00e0 partir du 1er f\u00e9vrier 2026 : <\/span><b>210 euros<\/b><\/li>\n<\/ul>\n<p><span style=\"font-weight: 400;\">\u25e6 <\/span><b>\u00c0 partir du 1er avril 2026, un suppl\u00e9ment de 15 \u20ac sera appliqu\u00e9 au prix final en raison d&#8217;une inscription hors d\u00e9lai pour toute place disponible.<\/b><\/p>\n<p><b>o TMCdC Trail Menorca Cam\u00ed de Cavalls ConectaBalear CdC Relay &#8211; 185 km<\/b><\/p>\n<ul>\n<li><span style=\"font-weight: 400;\"> Du 5 septembre 2025 jusqu&#8217;\u00e0 800 places au total : <\/span><b>233 euros<\/b><\/li>\n<li><span style=\"font-weight: 400;\"> \u00c0 partir de la 801e place sur les 1800 places au total, ou jusqu&#8217;au 31 janvier 2026 : <\/span><b>260 euros<\/b><\/li>\n<li><span style=\"font-weight: 400;\"> \u00c0 partir de 1 800 places au total ou \u00e0 partir du 1er f\u00e9vrier 2026 : <\/span><b>286 euros<\/b><\/li>\n<\/ul>\n<p><b>\u25e6 \u00c0 partir du 1er avril 2026, un suppl\u00e9ment de 15 \u20ac sera appliqu\u00e9 au prix final en raison d&#8217;une inscription hors d\u00e9lai pour toute place disponible.<\/b><\/p>\n<p><b>o TMCN Trail Menorca Costa Nord &#8211; 100 km<\/b><\/p>\n<ul>\n<li><span style=\"font-weight: 400;\"> Du 5 septembre 2025 jusqu&#8217;\u00e0 800 places au total : <\/span><b>125 euros<\/b><\/li>\n<li><span style=\"font-weight: 400;\"> \u00c0 partir de 801 places sur les 1800 places au total, ou jusqu&#8217;au 31 janvier 2026 : <\/span><b>135 euros<\/b><\/li>\n<li><span style=\"font-weight: 400;\"> \u00c0 partir de la 1800e place sur un total de 1800 places ou \u00e0 partir du 1er f\u00e9vrier 2026 : <\/span><b>150 euros<\/b><\/li>\n<\/ul>\n<p><b>\u25e6 \u00c0 partir du 1er avril 2026, un suppl\u00e9ment de 15 \u20ac sera appliqu\u00e9 au prix final en cas d&#8217;inscription hors d\u00e9lai pour toute place disponibl<\/b><span style=\"font-weight: 400;\">e.<\/span><\/p>\n<p><b>o TMCS Trail Menorca Costa Sud &#8211; 85 km<\/b><\/p>\n<ul>\n<li><span style=\"font-weight: 400;\"> Du 5 septembre 2025 jusqu&#8217;\u00e0 800 places au total : <\/span><b>115 euros<\/b><\/li>\n<li><span style=\"font-weight: 400;\"> \u00c0 partir de la 801e place sur les 1800 places au total, ou jusqu&#8217;au 31 janvier 2026 : <\/span><b>125 euros<\/b><\/li>\n<li><span style=\"font-weight: 400;\"> \u00c0 partir de 1 800 places au total ou \u00e0 partir du 1er f\u00e9vrier 2026 : <\/span><b>140 euros<\/b><\/li>\n<\/ul>\n<p><b>\u25e6 \u00c0 partir du 1er avril 2026, un suppl\u00e9ment de 15 \u20ac sera appliqu\u00e9 au prix final en raison d&#8217;une inscription hors d\u00e9lai pour toute place disponible.<\/b><\/p>\n<p><b>o PTCN Petit Trail Costa Nord &#8211; 58 km<\/b><\/p>\n<ul>\n<li><span style=\"font-weight: 400;\"> Du 5 septembre 2025 jusqu&#8217;\u00e0 800 places au total :<\/span><b> 73 euros<\/b><\/li>\n<li><span style=\"font-weight: 400;\"> \u00c0 partir de 801 places sur les 1800 places au total, ou jusqu&#8217;au 31 janvier 2026 :<\/span><b> 83 euros<\/b><\/li>\n<li><span style=\"font-weight: 400;\"> \u00c0 partir de 1800 places au total ou \u00e0 partir du 1er f\u00e9vrier 2026 : <\/span><b>95 euros<\/b><\/li>\n<\/ul>\n<p><b>\u25e6 \u00c0 partir du 1er avril 2026, un suppl\u00e9ment de 15 \u20ac sera appliqu\u00e9 au prix final en raison d&#8217;une inscription hors d\u00e9lai pour toute place disponible.<\/b><\/p>\n<p><b>o PTCS Petit Trail Costa Sud &#8211; 44 km<\/b><\/p>\n<ul>\n<li><span style=\"font-weight: 400;\"> Du 5 septembre 2025 jusqu&#8217;\u00e0 800 places au total : <\/span><b>68 euros<\/b><\/li>\n<li><span style=\"font-weight: 400;\"> \u00c0 partir de 801 places sur les 1800 places au total, ou jusqu&#8217;au 31 janvier 2026 : <\/span><b>78 euros<\/b><\/li>\n<li><span style=\"font-weight: 400;\"> \u00c0 partir de 1800 places au total ou \u00e0 partir du 1er f\u00e9vrier 2026 : <\/span><b>88 euros<\/b><\/li>\n<\/ul>\n<p><b>\u25e6 \u00c0 partir du 1er avril 2026, un suppl\u00e9ment de 15 \u20ac sera appliqu\u00e9 au prix final en raison d&#8217;une inscription hors d\u00e9lai pour toute place disponible.<\/b><\/p>\n<p>&nbsp;<\/p>\n<p><b>oSTCN Short Trail Costa Nord &#8211; 27 km\u00a0<\/b><\/p>\n<ul>\n<li><span style=\"font-weight: 400;\"> Du 5 septembre 2025 jusqu&#8217;\u00e0 800 places au total : <\/span><b>52 euros<\/b><\/li>\n<li><span style=\"font-weight: 400;\"> \u00c0 partir de la 801e place sur les 1800 places au total, ou jusqu&#8217;au 31 janvier 2026 :<\/span><b> 62 euros<\/b><\/li>\n<li><span style=\"font-weight: 400;\"> \u00c0 partir de 1 800 places au total ou \u00e0 partir du 1er f\u00e9vrier 2026 :<\/span><b> 75 euros<\/b><\/li>\n<\/ul>\n<p><b>\u25e6 \u00c0 partir du 1er avril 2026, un suppl\u00e9ment de 15 \u20ac sera appliqu\u00e9 au prix final en raison d&#8217;une inscription hors d\u00e9lai pour toute place disponible.<\/b><\/p>\n<p><b>o TMCdC STARTER &#8211; 11 km<\/b><\/p>\n<ul>\n<li><span style=\"font-weight: 400;\"> Du 1er septembre 2024 jusqu&#8217;\u00e0 600 places au total :<\/span><b> 28 euros<\/b><\/li>\n<li><span style=\"font-weight: 400;\"> \u00c0 partir de 601 places sur les 1800 places au total, ou jusqu&#8217;au 31 janvier 2025 :<\/span><b> 34 euros<\/b><\/li>\n<li><span style=\"font-weight: 400;\"> \u00c0 partir de 1800 places au total ou \u00e0 partir du 1er f\u00e9vrier 2025 : <\/span><b>45 euros<\/b><\/li>\n<\/ul>\n<p><b>\u25e6 \u00c0 partir du 1er avril 2025, un suppl\u00e9ment de 15 \u20ac sera appliqu\u00e9 au prix final en raison d&#8217;une inscription hors d\u00e9lai pour toute place disponible.<\/b><\/p>\n<p>&nbsp;<\/p>\n<p><b>Article 7.2. Ce qui est inclus dans le prix<\/b><\/p>\n<ul>\n<li><span style=\"font-weight: 400;\"> Droit de participation<\/span><\/li>\n<li><span style=\"font-weight: 400;\"> Magazine de l&#8217;\u00e9preuve au format num\u00e9rique<\/span><\/li>\n<li><span style=\"font-weight: 400;\"> Briefing num\u00e9rique<\/span><\/li>\n<li><span style=\"font-weight: 400;\"> Sac de coureur avec des produits locaux<\/span><\/li>\n<li><span style=\"font-weight: 400;\"> Service photo et vid\u00e9o pendant la course (zone d&#8217;arriv\u00e9e)<\/span><\/li>\n<li><span style=\"font-weight: 400;\"> Suivi en ligne avec l&#8217;application Elitechip<\/span><\/li>\n<\/ul>\n<p><span style=\"font-weight: 400;\">T\u00e9l\u00e9chargement enti\u00e8rement gratuit sur :<\/span><\/p>\n<p><span style=\"font-weight: 400;\">APPLE STORE : (lien de t\u00e9l\u00e9chargement) GOOGLE PLAY : (lien de t\u00e9l\u00e9chargement)<\/span><\/p>\n<ul>\n<li><span style=\"font-weight: 400;\"> Services d&#8217;arriv\u00e9e, photo finisher, photo Photocall&#8230;<\/span><\/li>\n<li><span style=\"font-weight: 400;\"> Service m\u00e9dical<\/span><\/li>\n<li><span style=\"font-weight: 400;\"> Ravitaillement aux points pr\u00e9vus \u00e0 cet effet<\/span><\/li>\n<li><span style=\"font-weight: 400;\"> Service de vestiaire du d\u00e9part \u00e0 l&#8217;arriv\u00e9e<\/span><\/li>\n<\/ul>\n<p><b>Article 7.2.1. Service de vestiaire et sacs de course<\/b><\/p>\n<ul>\n<li aria-level=\"1\"><b>Vestiaire :<\/b><\/li>\n<\/ul>\n<p><span style=\"font-weight: 400;\">L&#8217;organisation mettra \u00e0 disposition un service de vestiaire pour tous les coureurs. Il sera possible de d\u00e9poser un sac au d\u00e9part de chaque distance aupr\u00e8s des personnes habilit\u00e9es par l&#8217;organisation. Le sac devra \u00eatre identifi\u00e9 avec le num\u00e9ro de dossard \u00e0 l&#8217;aide de l&#8217;autocollant fourni lors du retrait du dossard. Le sac remis par le coureur pourra \u00eatre r\u00e9cup\u00e9r\u00e9 dans la zone d&#8217;arriv\u00e9e une fois la course termin\u00e9e.<\/span><\/p>\n<p>&nbsp;<\/p>\n<p><span style=\"font-weight: 400;\">Il est recommand\u00e9 de ne mettre dans ce sac que les objets indispensables \u00e0 utiliser avant ou juste apr\u00e8s la course, tels que les cl\u00e9s de l&#8217;appartement ou des chaussures de rechange. En aucun cas, un t\u00e9l\u00e9phone portable de rechange ou un portefeuille, par exemple, ne sont consid\u00e9r\u00e9s comme indispensables.<\/span><\/p>\n<p>&nbsp;<\/p>\n<ul>\n<li style=\"font-weight: 400;\" aria-level=\"1\"><span style=\"font-weight: 400;\">Sacs de vie :<\/span><\/li>\n<\/ul>\n<p><span style=\"font-weight: 400;\">Un service de sacs de vie sera \u00e9galement propos\u00e9 aux coureurs des distances 185 km, 100 km et 85 km. Ces sacs seront remis avant le d\u00e9part aux personnes habilit\u00e9es par l&#8217;organisation. Les sacs doivent \u00eatre identifi\u00e9s avec le num\u00e9ro de dossard \u00e0 l&#8217;aide des autocollants fournis lors du retrait du dossard.Il y a un sac vert, un sac rouge et un sac bleu pour chaque ravitaillement autoris\u00e9, \u00e0 savoir Es Castell, Sant Tom\u00e1s et Playas de Fornells. En fonction du ravitaillement que vous passerez pendant la course, vous aurez un sac ou un autre.<\/span><\/p>\n<p><span style=\"font-weight: 400;\">Il est recommand\u00e9 de ne mettre dans ces sacs que les objets qui seront utilis\u00e9s pendant la course, comme un t-shirt de rechange ou des chaussures de rechange, car le sac vestiaire est pr\u00e9vu pour ranger les objets personnels qui seront utilis\u00e9s \u00e0 la fin de la course.<\/span><\/p>\n<p><span style=\"font-weight: 400;\">*L&#8217;organisation \u00e9valuera les objets indispensables \u00e0 un maximum de 200 \u20ac.<\/span><\/p>\n<p>&nbsp;<\/p>\n<p><b>Article 7.3. Non compris dans le prix<\/b><\/p>\n<ul>\n<li><span style=\"font-weight: 400;\"> Si le participant n&#8217;est pas affili\u00e9 \u00e0 la F\u00c9D\u00c9RATION D&#8217;ATHL\u00c9TISME, il devra souscrire une assurance m\u00e9dicale obligatoire d&#8217;un montant de 6 euros pour toutes les courses.<\/span><span style=\"font-weight: 400;\"><br \/>\n<\/span><span style=\"font-weight: 400;\">LES LICENCES F\u00c9D\u00c9RALES DE LA F\u00c9D\u00c9RATION DE MONTAGNE FEDME NE SONT PAS VALABLES<\/span><span style=\"font-weight: 400;\">, conform\u00e9ment \u00e0 l&#8217;article 5.3 du d\u00e9cret 33\/2004 qui r\u00e9git les f\u00e9d\u00e9rations sportives des \u00eeles Bal\u00e9ares.<\/span><\/li>\n<li><span style=\"font-weight: 400;\"> La course sera chronom\u00e9tr\u00e9e avec le syst\u00e8me Championchip \/ MyLaps. Si vous ne poss\u00e9dez pas la puce jaune, vous devrez acheter une puce temporaire pour la course au prix de 3 euros.<\/span><\/li>\n<li><span style=\"font-weight: 400;\"> Transfert en bus depuis la gare routi\u00e8re de Ciutadella (Av. Josep Mascar\u00f3 Pasarius), avec un arr\u00eat pr\u00e9alable \u00e0 Cala&#8217;n Bosch pour les personnes log\u00e9es \u00e0 l&#8217;h\u00f4tel officiel de l&#8217;\u00e9preuve, jusqu&#8217;\u00e0 la ligne de d\u00e9part avant le d\u00e9but de l&#8217;\u00e9preuve, au prix de 7 euros.\u00a0<\/span><\/li>\n<\/ul>\n<p><i><span style=\"font-weight: 400;\">*Pour les 185 km, un bus sera mis en place depuis l&#8217;h\u00f4tel officiel de l&#8217;\u00e9preuve jusqu&#8217;\u00e0 la Plaza des Pins.<\/span><\/i>[\/vc_column_text][\/vc_tta_section][vc_tta_section title=&#8221;Article 8. Cat\u00e9gories.&#8221; tab_id=&#8221;1726040646430-eb45cd27-8d49&#8243;][vc_column_text css=&#8221;&#8221;]<b>\u2013 Trail Menorca Cam\u00ed de Cavalls ConectaBalear (TMCdC) 185 km<\/b><\/p>\n<ul>\n<li><span style=\"font-weight: 400;\"> Absolu (masculin et f\u00e9minin)<\/span><\/li>\n<li><span style=\"font-weight: 400;\"> Moins de 23 ans (masculin et f\u00e9minin)<\/span><\/li>\n<li><span style=\"font-weight: 400;\"> Senior (masculin et f\u00e9minin)<\/span><\/li>\n<li><span style=\"font-weight: 400;\"> V\u00e9t\u00e9rans 40 (masculin et f\u00e9minin)<\/span><\/li>\n<li><span style=\"font-weight: 400;\"> V\u00e9t\u00e9rans 50 (masculin et f\u00e9minin)<\/span><\/li>\n<li>V\u00e9t\u00e9rans 60 (<span style=\"font-weight: 400;\">masculin<\/span>)<\/li>\n<\/ul>\n<p><b>\u2013 Trail Menorca Cam\u00ed de Cavalls ConectaBalear Relay (TMCdC) 185 km<\/b><\/p>\n<ul>\n<li><span style=\"font-weight: 400;\"> Hommes<\/span><\/li>\n<li><span style=\"font-weight: 400;\"> Femmes<\/span><\/li>\n<li><span style=\"font-weight: 400;\"> Mixte (au moins deux participantes dans la cat\u00e9gorie f\u00e9minine)<\/span><\/li>\n<li><span style=\"font-weight: 400;\"> Dans les \u00e9quipes de 2 participants, il doit y avoir un membre de chaque sexe.<\/span><\/li>\n<li><b> Dans les \u00e9quipes de 3 participants, pour \u00eatre class\u00e9es, elles doivent compter 2 participantes dans la cat\u00e9gorie f\u00e9minine.<\/b><\/li>\n<\/ul>\n<p><b>\u2013 Trail Menorca Costa Nord (TMCN) 100 km, Trail Menorca Costa Sud (TMCS) 85 km et Petit Trail Costa Nord (PTCN) 58 km<\/b><\/p>\n<ul>\n<li><span style=\"font-weight: 400;\"> Absolu (masculin et f\u00e9minin)<\/span><\/li>\n<li><span style=\"font-weight: 400;\"> Moins de 23 ans (hommes et femmes)<\/span><\/li>\n<li><span style=\"font-weight: 400;\"> Seniors (hommes et femmes)<\/span><\/li>\n<li><span style=\"font-weight: 400;\"> V\u00e9t\u00e9rans 40 (hommes et femmes)<\/span><\/li>\n<li><span style=\"font-weight: 400;\"> V\u00e9t\u00e9rans 50 (hommes et femmes)<\/span><\/li>\n<\/ul>\n<p><b>\u2013 Petit Trail Costa Sud (PTCS) 44 km, Short Trail Costa Nord (STCN) 27 km <\/b><span style=\"font-weight: 400;\">TMCdC STARTER 11 km<\/span><\/p>\n<ul>\n<li><span style=\"font-weight: 400;\"> Absolu (masculin et f\u00e9minin)<\/span><\/li>\n<\/ul>\n<p><b>IMPORTANT : les prix ne sont pas cumulables.<\/b>[\/vc_column_text][\/vc_tta_section][vc_tta_section title=&#8221;Article 9. Prix en esp\u00e8ces.&#8221; tab_id=&#8221;1726040646278-b45b3a60-ebaa&#8221;][vc_column_text css=&#8221;&#8221;]<span style=\"font-weight: 400;\">L&#8217;organisation, en collaboration avec les sponsors, offre une importante somme d&#8217;argent aux trois premiers class\u00e9s du Trail Menorca Cam\u00ed de Cavalls ConectaBalear (TMCdC) \u2013 185 kilom\u00e8tres. Lors de l&#8217;\u00e9dition 2026, des prix en esp\u00e8ces seront \u00e9galement remis pour d&#8217;autres distances afin d&#8217;encourager la comp\u00e9tition \u00e0 un bon niveau, tant chez les hommes que chez les femmes.<\/span><\/p>\n<p>&nbsp;<\/p>\n<p><span style=\"font-weight: 400;\">Les prix sont:\u00a0<\/span><\/p>\n<p><b>TMCdC Trail Menorca Cam\u00ed de Cavalls ConectaBalear CdC &#8211; 185 km<\/b><\/p>\n<ul>\n<li><span style=\"font-weight: 400;\"> 1er class\u00e9 Grand Prix 1 000 euros<\/span><\/li>\n<li><span style=\"font-weight: 400;\"> 2e class\u00e9 Grand Prix 500 euros<\/span><\/li>\n<li><span style=\"font-weight: 400;\"> 3e class\u00e9 Grand Prix 300 euros<\/span><\/li>\n<li><span style=\"font-weight: 400;\"> 4e class\u00e9 Grand Prix 200 euros<\/span><\/li>\n<li><span style=\"font-weight: 400;\"> 5e class\u00e9 Grand Prix 100 euros<\/span><\/li>\n<\/ul>\n<p><b>TMCN Trail Menorca Costa Nord &#8211; 100 KM<\/b><\/p>\n<ul>\n<li><span style=\"font-weight: 400;\"> 1er class\u00e9 Prix 700 euros<\/span><\/li>\n<li><span style=\"font-weight: 400;\"> 2e class\u00e9(e) Prix de 400 euros<\/span><\/li>\n<li><span style=\"font-weight: 400;\"> 3e class\u00e9(e) Prix de 200 euros<\/span><\/li>\n<\/ul>\n<p><b>TMCS Trail Menorca Costa Sud &#8211; 85 KM<\/b><\/p>\n<ul>\n<li><span style=\"font-weight: 400;\"> 1er class\u00e9(e) Prix de 500 euros<\/span><\/li>\n<li><span style=\"font-weight: 400;\"> 2e class\u00e9(e) Prix de 300 euros<\/span><\/li>\n<li><span style=\"font-weight: 400;\"> 3e class\u00e9(e) Prix de 150 euros<\/span><\/li>\n<\/ul>\n<p>[\/vc_column_text][\/vc_tta_section][vc_tta_section title=&#8221;Article 10. R\u00e9clamations et sanctions.&#8221; tab_id=&#8221;1726040646137-1e973a42-f7a4&#8243;][vc_column_text css=&#8221;&#8221;]<span style=\"font-weight: 400;\">Tout participant peut d\u00e9poser une r\u00e9clamation par \u00e9crit et verser une caution de 100 euros pour que la r\u00e9clamation soit accept\u00e9e. Cette caution lui sera restitu\u00e9e si la r\u00e9clamation est jug\u00e9e recevable.<\/span><\/p>\n<p><span style=\"font-weight: 400;\">Si un participant souhaite d\u00e9noncer un autre coureur pour avoir trich\u00e9, par exemple en coupant le chemin, il devra fournir comme preuve une photographie ou une vid\u00e9o permettant d&#8217;identifier le coureur, son num\u00e9ro de dossard et l&#8217;endroit o\u00f9 il se trouve.<\/span><\/p>\n<p><span style=\"font-weight: 400;\">En cas de doute, le coureur concern\u00e9 devra pr\u00e9senter le parcours qu&#8217;il a effectu\u00e9, en prouvant qu&#8217;il en est le propri\u00e9taire et l&#8217;auteur.<\/span><\/p>\n<p><b>Article 10.1 Sanctions.<\/b><\/p>\n<p><span style=\"font-weight: 400;\">Une s\u00e9rie de sanctions li\u00e9es au temps de course est \u00e9tablie, qui s&#8217;appliquera selon le bar\u00e8me suivant :<\/span><\/p>\n<p><span style=\"font-weight: 400;\">1 sanction : 15 minutes de p\u00e9nalit\u00e9.<\/span><\/p>\n<p><span style=\"font-weight: 400;\">2 sanctions : 30 minutes de p\u00e9nalit\u00e9.<\/span><\/p>\n<p><span style=\"font-weight: 400;\">3 sanctions : 45 minutes de p\u00e9nalit\u00e9.<\/span><\/p>\n<p><span style=\"font-weight: 400;\">4 sanctions : disqualification de l&#8217;\u00e9preuve et interdiction de participer \u00e0 l&#8217;\u00e9preuve pendant une p\u00e9riode de 2 ans.<\/span><\/p>\n<p>&nbsp;<\/p>\n<p><b>*Toute personne utilisant un dossard dont elle n&#8217;est pas propri\u00e9taire et qui n&#8217;est pas li\u00e9 \u00e0 son num\u00e9ro d&#8217;identit\u00e9 sera automatiquement disqualifi\u00e9e et ne pourra pas participer \u00e0 la prochaine \u00e9dition du Trail Menorca Cam\u00ed de Cavalls ConectaBalear.<\/b><\/p>\n<p><span style=\"font-weight: 400;\">Les diff\u00e9rentes sanctions susceptibles d&#8217;\u00eatre inflig\u00e9es sont les suivantes :<\/span><\/p>\n<p>&nbsp;<\/p>\n<p><b>INFRACTIONS:<\/b><b><br \/>\n<\/b><b><br \/>\n<\/b><span style=\"font-weight: 400;\">1.- Tricher de quelque mani\u00e8re que ce soit.<\/span><\/p>\n<p><span style=\"font-weight: 400;\">2.- Ne pas venir en aide \u00e0 un coureur en difficult\u00e9.<\/span><\/p>\n<p><span style=\"font-weight: 400;\">3.- Adopter un comportement antisportif envers les autres coureurs ou l&#8217;organisation.<\/span><\/p>\n<p><span style=\"font-weight: 400;\">4.- D\u00e9sob\u00e9ir aux commissaires, aux responsables des ravitaillements, aux m\u00e9decins<\/span><\/p>\n<p><span style=\"font-weight: 400;\">ou aux infirmiers.<\/span><\/p>\n<p><span style=\"font-weight: 400;\">5.- Ne pas emporter le mat\u00e9riel obligatoire non vital pendant la course.<\/span><\/p>\n<p><span style=\"font-weight: 400;\">6.- Recevoir une aide ext\u00e9rieure en dehors des points autoris\u00e9s.<\/span><\/p>\n<p><span style=\"font-weight: 400;\">7.- Sortir du parcours pour raccourcir les distances.<\/span><\/p>\n<p><span style=\"font-weight: 400;\">8.- Jeter tout type de d\u00e9chet, laisser des emballages avec le num\u00e9ro de dossard ou ne pas porter le num\u00e9ro de dossard inscrit sur les emballages.<\/span><\/p>\n<p><span style=\"font-weight: 400;\">9.- Crier ou \u00e9mettre des sons ou des bruits forts dans les zones signal\u00e9es comme sensibles.<\/span><\/p>\n<p><span style=\"font-weight: 400;\">10.- \u00c9mettre, dans les espaces du r\u00e9seau Natura 2000, une lumi\u00e8re sup\u00e9rieure \u00e0 50 lumens ou d&#8217;une port\u00e9e sup\u00e9rieure \u00e0 50 m.<\/span><\/p>\n<p><i><span style=\"font-weight: 400;\">Les infractions 7 et 8 (sortir du trac\u00e9 et jeter des d\u00e9chets) commises dans les espaces prot\u00e9g\u00e9s seront sanctionn\u00e9es par une p\u00e9nalit\u00e9 double.<\/span><\/i>[\/vc_column_text][\/vc_tta_section][vc_tta_section title=&#8221;Article 11. Mat\u00e9riel obligatoire.&#8221; tab_id=&#8221;1726040645809-4033b327-f503&#8243;][vc_column_text css=&#8221;&#8221;]<span style=\"font-weight: 400;\">Todos los corredores del Trail Menorca Cam\u00ed de Cavalls ConectaBalear deber\u00e1n llevar consigo un material obligatorio vital que podr\u00e1 completarse con el material recomendado por la organizaci\u00f3n. Antes de cada salida y en determinados puntos de avituallamiento, los jueces realizar\u00e1n un control de seguridad aleatorio a algunos atletas para comprobar que llevan todo el material requerido. En caso contrario, no podr\u00e1n tomar la salida o continuar la carrera y ser\u00e1n descalificados.<\/span><\/p>\n<p>&nbsp;<\/p>\n<p><b>\u2013 TMCdC Trail Menorca Cam\u00ed de Cavalls ConectaBalear \u2013 185KM y TMCN Trail Menorca Costa Nord \u2013 100KM<\/b><\/p>\n<p>&nbsp;<\/p>\n<ul>\n<li><span style=\"font-weight: 400;\"> Syst\u00e8me d&#8217;hydratation de type camelback ou sac banane d&#8217;une capacit\u00e9 minimale d&#8217;un litre.<\/span><\/li>\n<li><span style=\"font-weight: 400;\"> Lampe frontale blanche et lampe arri\u00e8re rouge. Dans les zones du r\u00e9seau Natura, il est interdit d&#8217;utiliser une lampe frontale de plus de 50 lumens ou dont la port\u00e9e d\u00e9passe 50 m\u00e8tres. Ces zones seront d\u00fbment signal\u00e9es par des panneaux de l&#8217;organisation.<\/span><\/li>\n<li><span style=\"font-weight: 400;\"> Veste \u00e0 capuche permettant de supporter les intemp\u00e9ries et fabriqu\u00e9e avec une membrane imperm\u00e9able et respirante (Goretex ou similaire). *Minimum recommand\u00e9 10 000 Schmerber.<\/span><\/li>\n<li><span style=\"font-weight: 400;\"> Carte d&#8217;identit\u00e9 nationale ou passeport ou carte f\u00e9d\u00e9rale de la F\u00c9D\u00c9RATION D&#8217;ATHL\u00c9TISME DES \u00ceLES BALEARES OU \u00c9QUIVALENT.<\/span><\/li>\n<li><span style=\"font-weight: 400;\"> Couverture thermique.<\/span><\/li>\n<li><span style=\"font-weight: 400;\"> T\u00e9l\u00e9phone portable avec batterie et cr\u00e9dit, avec le num\u00e9ro de l&#8217;organisation enregistr\u00e9.<\/span><\/li>\n<li><span style=\"font-weight: 400;\"> Sifflet.<\/span><\/li>\n<li><span style=\"font-weight: 400;\"> Num\u00e9ro de dossard inscrit sur tous les emballages de gels, barres \u00e9nerg\u00e9tiques, etc.<\/span><\/li>\n<li><span style=\"font-weight: 400;\"> Verre ou r\u00e9cipient pour boire aux points de ravitaillement (aucun verre ne sera servi aux points de ravitaillement afin de r\u00e9duire les d\u00e9chets).<\/span><\/li>\n<li><span style=\"font-weight: 400;\"> Dossard et puce.<\/span><\/li>\n<li><span style=\"font-weight: 400;\"> Assurance obligatoire.<\/span><\/li>\n<\/ul>\n<p>&nbsp;<\/p>\n<p><b>\u2013 TMCdC Trail Menorca Cam\u00ed de Cavalls ConectaBalear \u2013 185KM Relay<\/b><\/p>\n<p>&nbsp;<\/p>\n<ul>\n<li><span style=\"font-weight: 400;\"> Syst\u00e8me d&#8217;hydratation de type camelback ou sac banane d&#8217;une capacit\u00e9 minimale d&#8217;un litre.<\/span><\/li>\n<li><span style=\"font-weight: 400;\"> Coupe-vent ou imperm\u00e9able.<\/span><\/li>\n<li><span style=\"font-weight: 400;\"> Carte d&#8217;identit\u00e9 nationale, passeport ou carte f\u00e9d\u00e9rale DE LA F\u00c9D\u00c9RATION D&#8217;ATHL\u00c9TISME DES \u00ceLES BALEARES OU \u00c9QUIVALENT.<\/span><\/li>\n<li><span style=\"font-weight: 400;\"> Couverture thermique.<\/span><\/li>\n<li><span style=\"font-weight: 400;\"> T\u00e9l\u00e9phone portable avec batterie et cr\u00e9dit, avec le num\u00e9ro de l&#8217;organisation enregistr\u00e9.<\/span><\/li>\n<li><span style=\"font-weight: 400;\"> Sifflet.<\/span><\/li>\n<li><span style=\"font-weight: 400;\"> Num\u00e9ro de dossard inscrit sur tous les emballages de gels, barres \u00e9nerg\u00e9tiques, etc.<\/span><\/li>\n<li><span style=\"font-weight: 400;\"> Verre ou r\u00e9cipient pour boire aux points de ravitaillement (aucun verre ne sera servi aux points de ravitaillement afin de r\u00e9duire les d\u00e9chets).<\/span><\/li>\n<li><span style=\"font-weight: 400;\"> Dossard et puce.<\/span><\/li>\n<li><span style=\"font-weight: 400;\"> Assurance obligatoire.<\/span><\/li>\n<\/ul>\n<p>&nbsp;<\/p>\n<p><b>\u2013 TMCS Trail Menorca Costa Sud \u2013 85KM<\/b><\/p>\n<p>&nbsp;<\/p>\n<ul>\n<li><span style=\"font-weight: 400;\"> Syst\u00e8me d&#8217;hydratation de type camelback ou sac banane d&#8217;une capacit\u00e9 minimale d&#8217;un litre.<\/span><\/li>\n<li><span style=\"font-weight: 400;\"> Lampe frontale blanche et lampe arri\u00e8re rouge. Dans les zones du r\u00e9seau Natura, il est interdit d&#8217;utiliser des lampes frontales de plus de 50 lumens ou dont la port\u00e9e d\u00e9passe 50 m\u00e8tres. Ces zones seront d\u00fbment signal\u00e9es par des panneaux de l&#8217;organisation. (Ceci ne sera n\u00e9cessaire qu&#8217;au d\u00e9part et pour les coureurs les plus lents qui passeront le dernier ravitaillement apr\u00e8s 21h00).<\/span><\/li>\n<li><span style=\"font-weight: 400;\"> Carte d&#8217;identit\u00e9 nationale ou passeport ou carte f\u00e9d\u00e9rale DE LA F\u00c9D\u00c9RATION D&#8217;ATHL\u00c9TISME DES \u00ceLES BALEARES OU \u00c9QUIVALENT.<\/span><\/li>\n<li><span style=\"font-weight: 400;\"> Couverture thermique.<\/span><\/li>\n<li><span style=\"font-weight: 400;\"> T\u00e9l\u00e9phone portable avec batterie et cr\u00e9dit, avec le num\u00e9ro de l&#8217;organisation enregistr\u00e9.<\/span><\/li>\n<li><span style=\"font-weight: 400;\"> Sifflet.<\/span><\/li>\n<li><span style=\"font-weight: 400;\"> Num\u00e9ro de dossard inscrit sur tous les emballages de gels, barres \u00e9nerg\u00e9tiques, etc.<\/span><\/li>\n<li><span style=\"font-weight: 400;\"> Verre ou r\u00e9cipient pour boire aux ravitaillements (aucun verre ne sera servi aux ravitaillements afin de r\u00e9duire les d\u00e9chets).<\/span><\/li>\n<li><span style=\"font-weight: 400;\"> Dossard et puce.<\/span><\/li>\n<li><span style=\"font-weight: 400;\"> Assurance obligatoire.<\/span><span style=\"font-weight: 400;\"><br \/>\n<\/span><\/li>\n<\/ul>\n<p><span style=\"font-weight: 400;\">\u2013 <\/span><b>Petit Trail Costa Nord \u2013 58KM, Petit Trail Costa Sur \u2013 44KM, STCN Short Trail Costa Nord 27 km y TMCdC STARTER 11 km<\/b><\/p>\n<p>&nbsp;<\/p>\n<ul>\n<li><span style=\"font-weight: 400;\"> Syst\u00e8me d&#8217;hydratation de type camelback ou sac banane d&#8217;une capacit\u00e9 minimale de 0,5 litre.<\/span><\/li>\n<li><span style=\"font-weight: 400;\"> Carte d&#8217;identit\u00e9 nationale ou passeport ou carte f\u00e9d\u00e9rale DE LA F\u00c9D\u00c9RATION D&#8217;ATHL\u00c9TISME DES \u00ceLES BALEARES OU \u00c9QUIVALENT.<\/span><\/li>\n<li><span style=\"font-weight: 400;\"> Couverture thermique.<\/span><\/li>\n<li><span style=\"font-weight: 400;\"> T\u00e9l\u00e9phone portable avec batterie et cr\u00e9dit, avec le num\u00e9ro de l&#8217;organisation enregistr\u00e9.<\/span><\/li>\n<li><span style=\"font-weight: 400;\"> Sifflet.<\/span><\/li>\n<li><span style=\"font-weight: 400;\"> Num\u00e9ro de dossard inscrit sur tous les emballages de gels, barres \u00e9nerg\u00e9tiques, etc.<\/span><\/li>\n<li><span style=\"font-weight: 400;\"> Verre ou r\u00e9cipient pour boire aux points de ravitaillement (aucun verre ne sera servi aux points de ravitaillement afin de r\u00e9duire les d\u00e9chets).<\/span><\/li>\n<li><span style=\"font-weight: 400;\"> Dossard et puce.<\/span><\/li>\n<li><span style=\"font-weight: 400;\"> Assurance obligatoire.<\/span><\/li>\n<\/ul>\n<p>&nbsp;<\/p>\n<p><span style=\"font-weight: 400;\">*Ces \u00e9preuves se d\u00e9roulent en journ\u00e9e. L&#8217;utilisation d&#8217;une lampe frontale n&#8217;est pas pr\u00e9vue, mais au dernier ravitaillement avant l&#8217;arriv\u00e9e, aucun athl\u00e8te sans lampe frontale ne sera autoris\u00e9 \u00e0 continuer apr\u00e8s le coucher du soleil (21h00).<\/span><\/p>\n<p>&nbsp;<\/p>\n<p><b>\u2013 Mat\u00e9riel recommand\u00e9 par l&#8217;organisation (sauf si cela est rendu obligatoire par des circonstances d\u00e9favorables telles que les conditions m\u00e9t\u00e9orologiques) :<\/b><\/p>\n<ul>\n<li><span style=\"font-weight: 400;\"> R\u00e9serve de nourriture.<\/span><\/li>\n<li><span style=\"font-weight: 400;\"> Coupe-vent ou imperm\u00e9able.<\/span><\/li>\n<li><span style=\"font-weight: 400;\"> Veste \u00e0 capuche permettant de supporter les intemp\u00e9ries et fabriqu\u00e9e avec une membrane imperm\u00e9able et respirante (Goretex ou similaire). *Minimum conseill\u00e9 10 000 Schmerber. OBLIGATOIRE pour les 185 km et 100 km.<\/span><\/li>\n<li><span style=\"font-weight: 400;\"> Cr\u00e8me solaire.<\/span><\/li>\n<li><span style=\"font-weight: 400;\"> Sparadrap.<\/span><\/li>\n<li><span style=\"font-weight: 400;\"> Bandage.<\/span><\/li>\n<li><span style=\"font-weight: 400;\"> Vaseline.<\/span><\/li>\n<li><span style=\"font-weight: 400;\"> Argent.<\/span><\/li>\n<li><span style=\"font-weight: 400;\"> Mouchoirs.<\/span><\/li>\n<li><span style=\"font-weight: 400;\"> Chaussures de montagne.<\/span><\/li>\n<li><span style=\"font-weight: 400;\"> V\u00eatements techniques.<\/span><\/li>\n<li><span style=\"font-weight: 400;\"> Casquette\/ou.<\/span><\/li>\n<li><span style=\"font-weight: 400;\"> B\u00e2tons (toujours avec embouts en caoutchouc).<\/span><\/li>\n<li><span style=\"font-weight: 400;\"> Montre ou cardiofr\u00e9quencem\u00e8tre.<\/span><\/li>\n<\/ul>\n<p>&nbsp;<\/p>\n<p><b>\u2013 Mat\u00e9riel suppl\u00e9mentaire ou d&#8217;utilisation douteuse <\/b><span style=\"font-weight: 400;\">: l&#8217;organisation re\u00e7oit souvent des questions concernant l&#8217;utilisation d&#8217;\u00e9couteurs pour \u00e9couter de la musique ou la radio. Dans ce cas, leur utilisation n&#8217;est pas interdite, mais elle est limit\u00e9e \u00e0 un seul \u00e9couteur, pour des raisons de s\u00e9curit\u00e9. Les participants doivent \u00eatre attentifs \u00e0 toute situation, comme l&#8217;appel \u00e0 l&#8217;aide d&#8217;un autre participant ou simplement un coureur qui souhaite attirer votre attention, et que vous ne pouvez pas entendre.<\/span>[\/vc_column_text][\/vc_tta_section][vc_tta_section title=&#8221;Article 12. Abandons et retraits.&#8221; tab_id=&#8221;1726040645499-d3413011-8f4c&#8221;][vc_column_text css=&#8221;&#8221;]<span style=\"font-weight: 400;\">Pour assurer le bon contr\u00f4le des coureurs participants et leur s\u00e9curit\u00e9, toute personne souhaitant abandonner devra le faire \u00e0 un point de ravitaillement. \u00c0 ces points, un service de bus gratuit sera mis \u00e0 disposition des coureurs pour les transporter jusqu&#8217;\u00e0 l&#8217;arriv\u00e9e.<\/span><\/p>\n<p><span style=\"font-weight: 400;\">S&#8217;il n&#8217;est pas possible de se retirer \u00e0 un point de ravitaillement, en raison d&#8217;une urgence m\u00e9dicale ou similaire, le coureur devra signaler son abandon \u00e0 l&#8217;organisation en appelant les num\u00e9ros de t\u00e9l\u00e9phone indiqu\u00e9s au dos du dossard. Si le retrait du participant a lieu en dehors des points de ravitaillement et ne peut \u00eatre justifi\u00e9 comme exceptionnel, l&#8217;organisation se r\u00e9serve le droit de refuser l&#8217;admission de ce participant aux \u00e9ditions futures.<\/span><\/p>\n<p><span style=\"font-weight: 400;\">Dans tous les cas, le participant devra signer un document attestant qu&#8217;il a d\u00e9cid\u00e9 de se retirer.<\/span>[\/vc_column_text][\/vc_tta_section][vc_tta_section title=&#8221;Article 13. Aide ext\u00e9rieure.&#8221; tab_id=&#8221;1726042993207-4402492c-08be&#8221;][vc_column_text css=&#8221;&#8221;]<span style=\"font-weight: 400;\">Chacune des distances du Trail Menorca Cam\u00ed de Cavalls ConectaBalear est consid\u00e9r\u00e9e comme semi-autonome, chaque coureur doit donc \u00eatre conscient de la quantit\u00e9 d&#8217;eau et de nourriture dont il a besoin pour se rendre d&#8217;un point de ravitaillement \u00e0 un autre. L&#8217;aide ext\u00e9rieure ne peut \u00eatre re\u00e7ue qu&#8217;aux points de ravitaillement officiels de l&#8217;\u00e9preuve.<\/span><\/p>\n<p><span style=\"font-weight: 400;\">Sur les distances TMCDC 185 km, TMCN 100 km et TMCS 85 km, les athl\u00e8tes peuvent recevoir une aide ext\u00e9rieure d&#8217;une personne \u00e0 tous les points de ravitaillement officiels. Cette personne devra \u00eatre identifi\u00e9e par le dossard \u00ab <\/span><b>SUPPORTER<\/b><span style=\"font-weight: 400;\"> \u00bb qui lui sera remis avec le dossard du participant qu&#8217;elle accompagne.<\/span><\/p>\n<p>&nbsp;<\/p>\n<p><b>IMPORTANT<\/b><span style=\"font-weight: 400;\"> : Les coureurs du Trail Menorca Cam\u00ed de Cavalls de 185 km pourront laisser au d\u00e9part le \u00ab sac de survie \u00bb qu&#8217;ils trouveront au ravitaillement de Playas de Fornells (km 50 environ), au ravitaillement d&#8217;Es Castell (km 100 environ) et enfin au ravitaillement de San Tomas (km 150 environ). Une fois ces points pass\u00e9s, les camionnettes de l&#8217;organisation les d\u00e9poseront \u00e0 l&#8217;arriv\u00e9e, afin que les coureurs puissent les retrouver \u00e0 leur arriv\u00e9e.\u00a0<\/span><\/p>\n<p><span style=\"font-weight: 400;\">Pour les participants au Trail Menorca Costa Nord &#8211; 100 km, le point d&#8217;aide externe est Playas de Fornells (kilom\u00e8tre 50), tandis que pour ceux du Trail Menorca Costa Sud &#8211; 85 km, le point d&#8217;aide externe est Cala San Tom\u00e1s (kilom\u00e8tre 44).<\/span><\/p>\n<p><span style=\"font-weight: 400;\">Dans le Petit Trail et le Short Trail, aucune aide ext\u00e9rieure n&#8217;est autoris\u00e9e.<\/span><\/p>\n<p><span style=\"font-weight: 400;\">Il n&#8217;est pas non plus permis, dans aucune des \u00e9preuves, de courir accompagn\u00e9 de personnes \u00e9trang\u00e8res \u00e0 la comp\u00e9tition, que ce soit \u00e0 pied ou \u00e0 v\u00e9lo.<\/span><\/p>\n<p><i><span style=\"font-weight: 400;\">La seule exception est l&#8217;aide apport\u00e9e en cas d&#8217;urgence m\u00e9dicale.<\/span><\/i>[\/vc_column_text][\/vc_tta_section][vc_tta_section title=&#8221;Article 14. Ravitaillements.&#8221; tab_id=&#8221;1726040644733-1ce8e52d-d58c&#8221;][vc_column_text css=&#8221;&#8221;]<span style=\"font-weight: 400;\">Pour le bon d\u00e9roulement de l&#8217;\u00e9preuve, l&#8217;organisation du Trail Menorca Cam\u00ed de Cavalls ConectaBalear mettra en place diff\u00e9rents points de ravitaillement pour chacune des distances qui composent l&#8217;\u00e9v\u00e9nement.<\/span><\/p>\n<p>&nbsp;<\/p>\n<p><span style=\"font-weight: 400;\">Trail Menorca Cam\u00ed de Cavalls CdC \u2013 185 km : 14 points de ravitaillement + arriv\u00e9e.<\/span><\/p>\n<p><span style=\"font-weight: 400;\">Trail Menorca Costa Nord TMCN \u2013 100 km : 8 points de ravitaillement + arriv\u00e9e.<\/span><\/p>\n<p><span style=\"font-weight: 400;\">Trail Menorca Costa Sud TMCS \u2013 85 km : 6 points de ravitaillement + arriv\u00e9e.<\/span><\/p>\n<p><span style=\"font-weight: 400;\">Petit Trail Costa Nord \u2013 58 km : 4 points de ravitaillement + arriv\u00e9e.<\/span><\/p>\n<p><span style=\"font-weight: 400;\">Petit Trail Costa Sud \u2013 44 km : 4 points de ravitaillement + arriv\u00e9e.<\/span><\/p>\n<p><span style=\"font-weight: 400;\">Short Trail Costa Nord \u2013 27 km : 3 points de ravitaillement + arriv\u00e9e.<\/span><\/p>\n<p><span style=\"font-weight: 400;\">TMCdC STARTER \u2013 11 km : 1 point de ravitaillement + arriv\u00e9e.<\/span><\/p>\n<p>&nbsp;<\/p>\n<p><b>Article 14.1. Type de ravitaillements<\/b><\/p>\n<p><span style=\"font-weight: 400;\">Il y aura trois types de ravitaillement tout au long de l&#8217;\u00e9preuve :<\/span><\/p>\n<ul>\n<li><span style=\"font-weight: 400;\"> Liquide : eau, boissons gazeuses et boissons isotoniques.<\/span><\/li>\n<li><span style=\"font-weight: 400;\"> Solide : en plus des liquides, vous trouverez des fruits, des fruits secs, des bonbons, des sucreries, du pain et de la charcuterie, entre autres aliments.<\/span><\/li>\n<li><span style=\"font-weight: 400;\"> Complet : en plus de ce que vous trouverez dans le ravitaillement solide, il y aura des plats chauds tels que des p\u00e2tes en sauce, des pommes de terre bouillies, du bouillon, du poulet, entre autres aliments.<\/span><\/li>\n<\/ul>\n<p><span style=\"font-weight: 400;\">Vous trouverez toutes les informations sur chaque ravitaillement sur le site web www.trailmenorca.es et dans le magazine de l&#8217;\u00e9preuve.<\/span><\/p>\n<p>&nbsp;<\/p>\n<p><b>Article 14.2 Repas sans gluten ou adapt\u00e9s aux intol\u00e9rances alimentaires<\/b><\/p>\n<p><span style=\"font-weight: 400;\">Il est possible de demander des repas sans gluten ou adapt\u00e9s aux intol\u00e9rances alimentaires pour les personnes qui en ont besoin. La plupart du temps, ces repas sont disponibles aux points de ravitaillement proposant des plats complets. Pour tout probl\u00e8me li\u00e9 \u00e0 l&#8217;alimentation ou si vous avez besoin d&#8217;aliments sans gluten, veuillez en informer l&#8217;organisation par e-mail \u00e0 l&#8217;adresse contacto@elitechip.net avant le 1er avril 2026.<\/span>[\/vc_column_text][\/vc_tta_section][vc_tta_section title=&#8221;Article 15. Droits \u00e0 l&#8217;image.&#8221; tab_id=&#8221;1726042989173-e2fb340f-a3de&#8221;][vc_column_text css=&#8221;&#8221;]<span style=\"font-weight: 400;\">L&#8217;organisation pourra utiliser des images, des vid\u00e9os et des enregistrements audio des participants pendant l&#8217;\u00e9preuve, y compris avant et apr\u00e8s celle-ci, depuis la remise des dossards jusqu&#8217;\u00e0 la remise des prix et au transfert des participants. En acceptant le pr\u00e9sent r\u00e8glement, vous autorisez l&#8217;organisation \u00e0 utiliser ces images sans limitation de dur\u00e9e. Ces images sont destin\u00e9es \u00e0 \u00eatre utilis\u00e9es dans les diff\u00e9rents supports publi\u00e9s, tels que la vid\u00e9o de l&#8217;arriv\u00e9e, les photos ou les albums publi\u00e9s sur les sites web www.trailmenorca.es et www.elitechip.net, ainsi que toutes les images publi\u00e9es et diffus\u00e9es dans les diff\u00e9rents m\u00e9dias et r\u00e9seaux sociaux du Trail Menorca Cam\u00ed de Cavalls.<\/span>[\/vc_column_text][\/vc_tta_section][vc_tta_section title=&#8221;Article 16. Annulations.&#8221; tab_id=&#8221;1726042988852-3ae02013-2e1a&#8221;][vc_column_text css=&#8221;&#8221;]<span style=\"font-weight: 400;\">Seules les annulations de participation \u00e0 l&#8217;\u00e9preuve seront accept\u00e9es pour les participants inscrits qui en feront la demande avant le 1er avril 2026 \u00e0 l&#8217;adresse e-mail contacto@elitechip.net. Le remboursement s&#8217;\u00e9l\u00e8vera \u00e0 75 % du montant pay\u00e9 pour l&#8217;inscription. Pass\u00e9 ce d\u00e9lai, aucun remboursement ne sera effectu\u00e9.<\/span><\/p>\n<p><span style=\"font-weight: 400;\">Si l&#8217;\u00e9preuve doit \u00eatre suspendue, annul\u00e9e ou ne peut avoir lieu en raison de facteurs externes inh\u00e9rents \u00e0 l&#8217;organisation, tels qu&#8217;une alerte orange ou rouge pour des raisons m\u00e9t\u00e9orologiques, sanitaires, une pand\u00e9mie, un refus d&#8217;autorisation, ou si les services d&#8217;urgence ne peuvent pas couvrir l&#8217;\u00e9preuve en raison d&#8217;autres urgences graves, telles qu&#8217;un incendie ou un effondrement. Si le trac\u00e9 du Cam\u00ed de Cavalls ne peut \u00eatre utilis\u00e9 en raison d&#8217;un incendie de for\u00eat, c&#8217;est-\u00e0-dire s&#8217;il est impraticable en raison de la chute d&#8217;arbres, d&#8217;inondations ou de raisons m\u00e9t\u00e9orologiques ou de tout autre incident dont l&#8217;organisation n&#8217;est pas directement responsable, <\/span><b>l&#8217;organisation se r\u00e9serve le droit de modifier les parcours, d&#8217;annuler des tron\u00e7ons ou simplement d&#8217;annuler l&#8217;\u00e9preuve, sans droit \u00e0 aucune indemnisation ou remboursement des frais d&#8217;inscription aux personnes inscrites. Toutefois, l&#8217;organisation s&#8217;efforcera de proposer les meilleures alternatives dans les cas extr\u00eames, les cas \u00e9num\u00e9r\u00e9s ci-dessus \u00e9tant peu susceptibles de se produire.\u00a0<\/b><\/p>\n<p>&nbsp;<\/p>\n<p><b>Article 16.1 Cession de dossard<\/b><\/p>\n<p><span style=\"font-weight: 400;\">Les cessions de dossards seront autoris\u00e9es jusqu&#8217;au <\/span><b>15 avril 2026<\/b><span style=\"font-weight: 400;\">. Le co\u00fbt des cessions sera de 15 \u20ac, ind\u00e9pendamment du changement de distance.<\/span><\/p>\n<p><span style=\"font-weight: 400;\">&#8211; Si le nouveau participant souhaite participer \u00e0 une distance sup\u00e9rieure, il devra payer, en plus du co\u00fbt de la cession du dossard, la diff\u00e9rence de prix de la distance.<\/span><\/p>\n<p><span style=\"font-weight: 400;\">&#8211; Si le nouveau participant souhaite participer \u00e0 une distance inf\u00e9rieure, il devra payer le co\u00fbt de la cession du dossard, et seule la diff\u00e9rence de prix sera rembours\u00e9e pour les demandes re\u00e7ues avant le <\/span><b>1er avril 2026<\/b><span style=\"font-weight: 400;\">.<\/span><\/p>\n<p>&nbsp;<\/p>\n<p><b>Article 16.2 Changements de distance.\u00a0<\/b><\/p>\n<p><span style=\"font-weight: 400;\">Les changements de distance seront autoris\u00e9s pour toutes les \u00e9preuves jusqu&#8217;au<\/span><b> 15 avril 2026<\/b><span style=\"font-weight: 400;\">, moyennant des frais administratifs de 10 \u20ac.<\/span><\/p>\n<p><span style=\"font-weight: 400;\">&#8211; Si le participant souhaite participer \u00e0 une distance sup\u00e9rieure, il devra s&#8217;acquitter des frais de gestion li\u00e9s au changement de distance, ainsi que de la diff\u00e9rence de prix entre les deux distances.<\/span><\/p>\n<p><span style=\"font-weight: 400;\">&#8211; Si l&#8217;athl\u00e8te souhaite participer \u00e0 une distance inf\u00e9rieure, il devra s&#8217;acquitter des frais de gestion, et la diff\u00e9rence ne sera rembours\u00e9e que pour les demandes re\u00e7ues avant le<\/span><b> 1er avril 2026.<\/b>[\/vc_column_text][\/vc_tta_section][vc_tta_section title=&#8221;Article 17. R\u00e8gles ENVIRONNEMENTALES.&#8221; tab_id=&#8221;1726043503623-495e6d56-6930&#8243;][vc_column_text css=&#8221;&#8221;]<span style=\"font-weight: 400;\">La participation \u00e0 l&#8217;une des courses du Trail Menorca Cam\u00ed de Cavalls ConectaBalear implique la connaissance et l&#8217;acceptation des r\u00e8gles sp\u00e9ciales suivantes en mati\u00e8re d&#8217;environnement :<\/span><\/p>\n<p><span style=\"font-weight: 400;\">\u2013 Une partie de l&#8217;\u00e9preuve se d\u00e9roule \u00e0 l&#8217;int\u00e9rieur d&#8217;espaces prot\u00e9g\u00e9s qui abritent une faune et une flore sensibles et vuln\u00e9rables, dans lesquels les participants doivent agir avec prudence et responsabilit\u00e9.<\/span><\/p>\n<p><span style=\"font-weight: 400;\">\u2013 L&#8217;utilisation de b\u00e2tons est autoris\u00e9e uniquement avec des embouts en caoutchouc ou des capuchons en caoutchouc correspondants.<\/span><\/p>\n<p><span style=\"font-weight: 400;\">\u2013 Ces espaces seront d\u00fbment identifi\u00e9s par un panneau : Zone naturelle fragile. Il s&#8217;agit des zones suivantes :<\/span><\/p>\n<ul>\n<li><span style=\"font-weight: 400;\"> Syst\u00e8me dunaire de Cavaller\u00eda et Cala Mica.<\/span><\/li>\n<li><span style=\"font-weight: 400;\"> Syst\u00e8me dunaire de Binimel\u00b7l\u00e0 et Cala Pregond\u00f3.<\/span><\/li>\n<li><span style=\"font-weight: 400;\"> Syst\u00e8me dunaire de Cala Pilar.<\/span><\/li>\n<li><span style=\"font-weight: 400;\"> Zone bois\u00e9e comprise entre le macar d&#8217;Alforinet et Cala Ses Fontanelles.<\/span><\/li>\n<li><span style=\"font-weight: 400;\"> Tron\u00e7on compris entre Ses Ancolles et l&#8217;a\u00e9rodrome de Son Anglad\u00f3 (Cala Morell).<\/span><\/li>\n<\/ul>\n<p>&nbsp;<\/p>\n<p><b>\u2013 Dans ces zones, il est INTERDIT :<\/b><\/p>\n<ul>\n<li><span style=\"font-weight: 400;\"> D&#8217;utiliser tout type d&#8217;\u00e9l\u00e9ment sonore pouvant produire des bruits stridents.<\/span><\/li>\n<li><span style=\"font-weight: 400;\"> De sortir du parcours balis\u00e9.<\/span><\/li>\n<li><span style=\"font-weight: 400;\"> De crier ou d&#8217;\u00e9mettre des sons ou des bruits forts.<\/span><\/li>\n<li><span style=\"font-weight: 400;\"> Jeter des emballages, des d\u00e9chets ou tout autre type de d\u00e9tritus, ni dans ces zones ni dans aucune autre zone du parcours. Des poubelles sp\u00e9ciales seront mises \u00e0 disposition \u00e0 chaque ravitaillement.\u00a0<\/span><\/li>\n<\/ul>\n<p><span style=\"font-weight: 400;\">Chaque participant devra marquer ses gels et barres \u00e9nerg\u00e9tiques avec son num\u00e9ro de dossard. Si l&#8217;organisation trouve un emballage par terre, le coureur pourra \u00eatre sanctionn\u00e9.<\/span>[\/vc_column_text][\/vc_tta_section][vc_tta_section title=&#8221;Article 18. Normes juridiques.&#8221; tab_id=&#8221;1726042985320-ff9f6ea3-7ee4&#8243;][vc_column_text css=&#8221;&#8221;]<span style=\"font-weight: 400;\">Toutes les dispositions du pr\u00e9sent r\u00e8glement s&#8217;appliquent en premi\u00e8re instance de mani\u00e8re directe. La d\u00e9cision des organisateurs est sans appel, conform\u00e9ment \u00e0 l&#8217;article 3 du pr\u00e9sent r\u00e8glement. En cas de d\u00e9saccord et une fois la r\u00e9clamation pr\u00e9sent\u00e9e conform\u00e9ment \u00e0 l&#8217;article 10 du pr\u00e9sent r\u00e8glement, le directeur de la course, l&#8217;organisation et les juges f\u00e9d\u00e9raux rendront leur d\u00e9cision dans un d\u00e9lai maximum de 24 heures.\u00a0<\/span><\/p>\n<p><span style=\"font-weight: 400;\">En dernier ressort, les juges et les tribunaux de la communaut\u00e9 autonome des \u00celes Bal\u00e9ares seront comp\u00e9tents.<\/span>[\/vc_column_text][\/vc_tta_section][vc_tta_section title=&#8221;Art\u00edculo 19. Anexo 185 Km Relay.&#8221; tab_id=&#8221;1736265502745-a18d02af-56cc&#8221;][vc_column_text css=&#8221;&#8221;]<\/p>\n<p data-start=\"94\" data-end=\"259\"><strong data-start=\"94\" data-end=\"257\">Aimerais-tu profiter avec tes amis en faisant ce que tu aimes le plus ? La Trail Menorca Cam\u00ed de Cavalls 185 km t\u2019offre la possibilit\u00e9 de la courir en \u00e9quipe !<\/strong><\/p>\n<hr data-start=\"261\" data-end=\"264\" \/>\n<h3 data-start=\"266\" data-end=\"295\">Composition de l\u2019\u00e9quipe<\/h3>\n<p data-start=\"296\" data-end=\"472\">Chaque \u00e9quipe sera compos\u00e9e de 2, 3 ou 4 membres, qui devront compl\u00e9ter le parcours de la Trail Menorca Cam\u00ed de Cavalls 185 km (TMCdC) de mani\u00e8re cons\u00e9cutive, en se relayant.<\/p>\n<hr data-start=\"474\" data-end=\"477\" \/>\n<h3 data-start=\"479\" data-end=\"493\">Sections<\/h3>\n<p data-start=\"494\" data-end=\"1005\">Les relais auront lieu \u00e0 chaque point de contr\u00f4le de puce situ\u00e9 dans les zones de ravitaillement. Chaque section correspondra \u00e0 la distance entre deux points de ravitaillement \u00e9quip\u00e9s de chronom\u00e9trage. <strong data-start=\"696\" data-end=\"710\">Binimel\u00b7l\u00e0<\/strong> et <strong data-start=\"714\" data-end=\"727\">Son Saura<\/strong> ne seront pas habilit\u00e9s comme points de changement de coureur.<br data-start=\"790\" data-end=\"793\" \/>La course comptera 13 sections, qui devront \u00eatre compl\u00e9t\u00e9es par les membres de l\u2019\u00e9quipe de fa\u00e7on cons\u00e9cutive ou altern\u00e9e. Il n\u2019est pas permis que deux membres d\u2019une m\u00eame \u00e9quipe courent ensemble la m\u00eame section.<\/p>\n<p data-start=\"1007\" data-end=\"1034\"><strong data-start=\"1007\" data-end=\"1032\">Exemple de sections :<\/strong><\/p>\n<ul data-start=\"1035\" data-end=\"1120\">\n<li data-start=\"1035\" data-end=\"1057\">\n<p data-start=\"1037\" data-end=\"1057\">Son Morell : 16 km<\/p>\n<\/li>\n<li data-start=\"1058\" data-end=\"1120\">\n<p data-start=\"1060\" data-end=\"1120\">El Pilar : 15 km<br data-start=\"1076\" data-end=\"1079\" \/>(et ainsi de suite jusqu\u2019\u00e0 13 sections)<\/p>\n<\/li>\n<\/ul>\n<hr data-start=\"1122\" data-end=\"1125\" \/>\n<h3 data-start=\"1127\" data-end=\"1142\">Strat\u00e9gie<\/h3>\n<p data-start=\"1143\" data-end=\"1383\">Les \u00e9quipes pourront d\u00e9finir librement leur strat\u00e9gie de course, mais chaque membre devra r\u00e9aliser <strong data-start=\"1242\" data-end=\"1278\">au moins 3 sections obligatoires<\/strong>. Ces sections peuvent \u00eatre effectu\u00e9es \u00e0 la suite ou en alternance avec les autres membres de l\u2019\u00e9quipe.<\/p>\n<p data-start=\"1385\" data-end=\"1635\">Il ne sera pas n\u00e9cessaire de d\u00e9finir un ordre pr\u00e9alable des relais ; chaque \u00e9quipe aura une totale libert\u00e9 pour d\u00e9cider au fur et \u00e0 mesure, en respectant toujours le protocole de changement de coureur afin d\u2019enregistrer les donn\u00e9es dans le syst\u00e8me.<\/p>\n<p data-start=\"1637\" data-end=\"1653\"><strong data-start=\"1637\" data-end=\"1651\">Exemples :<\/strong><\/p>\n<ul data-start=\"1654\" data-end=\"1999\">\n<li data-start=\"1654\" data-end=\"1777\">\n<p data-start=\"1656\" data-end=\"1777\">\u00c9quipe de 4 coureurs : chacun fait 3 sections, et l\u2019un d\u2019entre eux devra en courir une quatri\u00e8me pour compl\u00e9ter les 13.<\/p>\n<\/li>\n<li data-start=\"1778\" data-end=\"1999\">\n<p data-start=\"1780\" data-end=\"1999\">\u00c9quipe de 3 coureurs : chaque coureur fait 3 sections obligatoires, et le reste sera pris en charge par le membre le plus en forme. Par exemple : coureur 1 \u2192 3 sections, coureur 2 \u2192 3 sections, coureur 3 \u2192 7 sections.<\/p>\n<\/li>\n<\/ul>\n<hr data-start=\"2001\" data-end=\"2004\" \/>\n<h3 data-start=\"2006\" data-end=\"2029\">Pause obligatoire<\/h3>\n<p data-start=\"2030\" data-end=\"2281\">Les \u00e9quipes relais, en arrivant au ravitaillement d\u2019<strong data-start=\"2082\" data-end=\"2096\">Es Castell<\/strong> (km 100), termineront la partie nord de la course. Elles auront une <strong data-start=\"2165\" data-end=\"2199\">pause obligatoire jusqu\u2019\u00e0 6h30<\/strong>, heure qui co\u00efncide avec le d\u00e9part du <strong data-start=\"2238\" data-end=\"2278\">TMCS Trail Menorca Costa Sud \u2013 85 km<\/strong>.<\/p>\n<hr data-start=\"2283\" data-end=\"2286\" \/>\n<h3 data-start=\"2288\" data-end=\"2300\">D\u00e9part<\/h3>\n<p data-start=\"2301\" data-end=\"2414\">Le d\u00e9part des \u00e9quipes aura lieu \u00e0 <strong data-start=\"2335\" data-end=\"2344\">15h30<\/strong>, avec un <strong data-start=\"2354\" data-end=\"2386\">temps maximum de 33,5 heures<\/strong> pour compl\u00e9ter la course.<\/p>\n<hr data-start=\"2416\" data-end=\"2419\" \/>\n<h3 data-start=\"2421\" data-end=\"2445\">Contr\u00f4le des puces<\/h3>\n<p data-start=\"2446\" data-end=\"2782\">Chaque membre de l\u2019\u00e9quipe devra courir avec la puce qui lui est attribu\u00e9e. Si le coureur poss\u00e8de d\u00e9j\u00e0 une puce personnelle, il devra utiliser celle fournie par l\u2019organisation.<br data-start=\"2621\" data-end=\"2624\" \/>De plus, une deuxi\u00e8me puce sera attribu\u00e9e \u00e0 l\u2019\u00e9quipe. Le coureur en course portera donc <strong data-start=\"2712\" data-end=\"2726\">deux puces<\/strong> : une personnelle et une d\u2019\u00e9quipe, une \u00e0 chaque pied.<\/p>\n<hr data-start=\"2784\" data-end=\"2787\" \/>\n<h3 data-start=\"2789\" data-end=\"2812\">Passage de relais<\/h3>\n<p data-start=\"2813\" data-end=\"3175\">Le coureur qui termine sa section devra passer sur le tapis de contr\u00f4le avec ses deux puces (personnelle et \u00e9quipe).<br data-start=\"2929\" data-end=\"2932\" \/>Ensuite, il remettra la puce de l\u2019\u00e9quipe au relayeur suivant, qui devra l\u2019activer en passant \u00e0 nouveau par le contr\u00f4le de puce.<br data-start=\"3059\" data-end=\"3062\" \/>Si le m\u00eame coureur continue sur la section suivante, il ne devra passer qu\u2019une seule fois au contr\u00f4le de temps.<\/p>\n<hr data-start=\"3177\" data-end=\"3180\" \/>\n<h3 data-start=\"3182\" data-end=\"3200\">Restrictions<\/h3>\n<p data-start=\"3201\" data-end=\"3532\">Le d\u00e9but et la fin de chaque section co\u00efncideront avec les points de chronom\u00e9trage et de ravitaillement habilit\u00e9s. Il est interdit de changer de relayeur en dehors de ces points.<br data-start=\"3379\" data-end=\"3382\" \/>En cas de blessure ou d\u2019abandon d\u2019un coureur, les autres membres pourront continuer <strong data-start=\"3466\" data-end=\"3486\">hors comp\u00e9tition<\/strong>, \u00e0 condition que cela soit d\u00fbment justifi\u00e9.<\/p>\n<hr data-start=\"3534\" data-end=\"3537\" \/>\n<p data-start=\"3539\" data-end=\"3654\"><strong data-start=\"3539\" data-end=\"3652\">Pr\u00eat pour le d\u00e9fi ? Forme ton \u00e9quipe et vis une exp\u00e9rience unique \u00e0 la Trail Menorca Cam\u00ed de Cavalls 185 km !<\/strong><\/p>\n<p>[\/vc_column_text][\/vc_tta_section][\/vc_tta_accordion][\/vc_column][\/vc_row]<\/p>\n<\/div>","protected":false},"excerpt":{"rendered":"<p>[vc_row][vc_column][\/vc_column][\/vc_row][vc_row el_class=&#8221;max-width-1250&#8243;][vc_column][vc_tta_accordion title_tag=&#8221;p&#8221; section_title_tag=&#8221;h2&#8243; shape=&#8221;square&#8221; color=&#8221;white&#8221; c_position=&#8221;right&#8221; active_section=&#8221;100&#8243; collapsible_all=&#8221;true&#8221; el_class=&#8221;faqs-primary&#8221;][vc_tta_section title=&#8221;Article 1. Organisation.&#8221; tab_id=&#8221;1723033615966-8e010c43-feca&#8221;][vc_column_text css=&#8221;&#8221;]La XIV Trail Menorca Cam\u00ed de Cavalls ConectaBalear est organis\u00e9e par le Club Penya Esportiva Son Mar\u00e7al Menorca Atletisme, sous la direction technique de l\u2019entreprise Elitechip SL, et avec l\u2019autorisation de la F\u00e9d\u00e9ration d\u2019Athl\u00e9tisme des \u00celes Bal\u00e9ares, du Conseil Insulaire de&hellip;<\/p>\n","protected":false},"author":1,"featured_media":0,"parent":0,"menu_order":0,"comment_status":"closed","ping_status":"closed","template":"","meta":{"footnotes":""},"class_list":["post-4507","page","type-page","status-publish","hentry","description-off"],"_links":{"self":[{"href":"https:\/\/www.trailmenorca.es\/fr\/wp-json\/wp\/v2\/pages\/4507","targetHints":{"allow":["GET"]}}],"collection":[{"href":"https:\/\/www.trailmenorca.es\/fr\/wp-json\/wp\/v2\/pages"}],"about":[{"href":"https:\/\/www.trailmenorca.es\/fr\/wp-json\/wp\/v2\/types\/page"}],"author":[{"embeddable":true,"href":"https:\/\/www.trailmenorca.es\/fr\/wp-json\/wp\/v2\/users\/1"}],"replies":[{"embeddable":true,"href":"https:\/\/www.trailmenorca.es\/fr\/wp-json\/wp\/v2\/comments?post=4507"}],"version-history":[{"count":6,"href":"https:\/\/www.trailmenorca.es\/fr\/wp-json\/wp\/v2\/pages\/4507\/revisions"}],"predecessor-version":[{"id":6210,"href":"https:\/\/www.trailmenorca.es\/fr\/wp-json\/wp\/v2\/pages\/4507\/revisions\/6210"}],"wp:attachment":[{"href":"https:\/\/www.trailmenorca.es\/fr\/wp-json\/wp\/v2\/media?parent=4507"}],"curies":[{"name":"wp","href":"https:\/\/api.w.org\/{rel}","templated":true}]}}